{"id":16936,"date":"2025-03-29T15:32:58","date_gmt":"2025-03-29T18:32:58","guid":{"rendered":"https:\/\/loiaconopropiedades.com.ar\/?post_type=property&#038;p=16936"},"modified":"2025-06-02T21:48:14","modified_gmt":"2025-06-03T00:48:14","slug":"victor-hugo-y-av-gral-paz-villa-devoto","status":"publish","type":"property","link":"https:\/\/loiaconopropiedades.com.ar\/index.php\/property\/victor-hugo-y-av-gral-paz-villa-devoto\/","title":{"rendered":"V\u00edctor Hugo y Av. Gral Paz, Villa Devoto"},"content":{"rendered":"<h2 style=\"text-align: center;\"><span style=\"text-decoration: underline;\">Departamentos en venta &#8211; Victor Hugo esquina General Paz<\/span><\/h2>\n<h4 style=\"text-align: center;\">Desde el pozo<br \/>A estrenar<br \/>Dos y tres ambientes<br \/>Cocheras opcionales. 5 cubiertas disponibles de 2,50 por 5mts U$S 25.000 c\/u<\/h4>\n<h4><br \/><span style=\"text-decoration: underline;\">Dos ambientes<\/span>:<br \/>Primer Piso, depto \u00abA\u00bb: con balc\u00f3n. Vista a V\u00edctor Hugo. Sup. Cubierta 40,13m\u00b2 Sup. Semicubierta 5,98m\u00b2 Sup. Total 46,11m\u00b2 U$S 92.300<\/h4>\n<h4>Primer Piso, depto \u00abC\u00bb: con balc\u00f3n. Vista a Av. Gral Paz. Sup. Cubierta 42,48m\u00b2 Sup. Semicubierta 6,19m\u00b2 Sup. Total 48,67m\u00b2 U$S 97.500<\/h4>\n<h4>Segundo Piso, depto \u00abA\u00bb: con balc\u00f3n. Vista a V\u00edctor Hugo. Sup. Cubierta 40,13m\u00b2 Sup. Semicubierta 5,98m\u00b2 Sup. Total 46,11m\u00b2 U$S 92.300<\/h4>\n<h4>Segundo Piso, depto \u00abC\u00bb: con balc\u00f3n. Vista a Av. Gral Paz. Sup. Cubierta 42,48m\u00b2 Sup. Semicubierta 6,19m\u00b2 Sup. Total 48,67m\u00b2 U$S 97.500<\/h4>\n<h4><span style=\"text-decoration: underline;\">Tres ambientes<\/span>:<\/h4>\n<h4>Primer Piso, depto \u00abB\u00bb: con balc\u00f3n. Vista tanto a Av. Gral Paz como a V\u00edctor Hugo. Sup. Cubierta 57,78m\u00b2 Sup. Semicubierta 6,34m\u00b2 Sup. Total 64,12m\u00b2 U$S 128.300<\/h4>\n<h4>Segundo Piso, depto \u00abB\u00bb: con balc\u00f3n. Vista tanto a Av. Gral Paz como a V\u00edctor Hugo. Sup. Cubierta 57,78m\u00b2 Sup. Semicubierta 6,34m\u00b2 Sup. Total 64,12m\u00b2 U$S 128.300<\/h4>\n<h4>Tercer Piso, depto \u00abA\u00bb: con balc\u00f3n. Vista tanto a Av. Gral Paz como a V\u00edctor Hugo. Sup. Cubierta 61,96m\u00b2 Sup. Semicubierta 6,34m\u00b2 Sup. Total 68,30m\u00b2 U$S 136.600<\/h4>\n<h4>Cuarto Piso, depto \u00abA\u00bb: TIPO DUPLEX, con balc\u00f3n. Vista en esquina; tanto a Av. Gral Paz como a V\u00edctor Hugo. Sup. Cubierta 89,90m\u00b2 Sup. Semicubierta 38,95m\u00b2 Sup. Total 128,85m\u00b2 U$S 257.700<\/h4>\n<h4>Cuarto Piso, depto \u00abB\u00bb: TIPO DUPLEX, con balc\u00f3n. Vista a Av. Gral Paz. Sup. Cubierta 79,99m\u00b2 Sup. Semicubierta 17,64m\u00b2 Sup. Total 97,63m\u00b2 U$S 195.300<\/h4>\n<h4 style=\"text-align: center;\">Consulte por financiaci\u00f3n<\/h4>\n<h4>\u00a0<\/h4>\n\n\n<div class=\"wp-block-buttons is-content-justification-center is-layout-flex wp-container-core-buttons-is-layout-16018d1d wp-block-buttons-is-layout-flex\">\n<div class=\"wp-block-button\"><a class=\"wp-block-button__link wp-element-button\" href=\"https:\/\/api.whatsapp.com\/send?phone=+5491136254816&amp;text=%C2%A1Hola!%20Me%20interes%C3%B3%20esta%20propiedad%20y%20quisiera%20visitarla:%20https:\/\/loiaconopropiedades.com.ar\/index.php\/property\/victor-hugo-y-av-gral-paz-villa-devoto\/%20%C2%A1Muchas%20gracias!\">Consultar por Whatsapp<\/a><\/div>\n\n\n<\/div>\n\n\n\n<div class=\"wp-block-buttons is-horizontal is-content-justification-center is-layout-flex wp-container-core-buttons-is-layout-499968f5 wp-block-buttons-is-layout-flex\">\n<div class=\"wp-block-button\"><a class=\"wp-block-button__link wp-element-button\" href=\"tel:\/\/37504087\" target=\"_blank\" rel=\"noreferrer noopener\">Llamar 3750-4087<\/a><\/div>\n\n\n\n<div class=\"wp-block-button\"><a class=\"wp-block-button__link wp-element-button\" href=\"tel:\/\/46029333\" target=\"_blank\" rel=\"noreferrer noopener\">Llamar 4602-9333<\/a><\/div>\n<\/div>\n\n\n\n<div class=\"wp-block-group\"><div class=\"wp-block-group__inner-container is-layout-flow wp-block-group-is-layout-flow\">\n<h5 class=\"has-text-align-center wp-block-heading\">Horario de atenci\u00f3n: Lunes a Viernes, de 11:00 a 18:30hs.<\/h5>\n\n\n\n<hr class=\"wp-block-separator has-css-opacity\"\/>\n\n\n\n<p class=\"has-text-align-center\">Todas las im\u00e1genes\/videos de esta publicaci\u00f3n son reales y fueron tomados por nosotros exclusivamente para ser publicadas por Loiacono Propiedades. Su reproducci\u00f3n total o parcial est\u00e1 prohibida. <\/p>\n\n\n\n<p class=\"has-text-align-center\">No est\u00e1n modificadas por la computadora. No trabajamos con Renders.<\/p>\n\n\n\n<p class=\"has-text-align-center\">Los planos que puedan llegar a encontrarse en \u00e9sta y otras publicaciones siempre son a modo ilustrativo, con el \u00fanico fin de comprender la distribuci\u00f3n de los ambientes. Las dimensiones pueden diferir de la realidad. Su reproducci\u00f3n total o parcial est\u00e1 prohibida.<\/p>\n\n\n\n<p class=\"has-text-align-center\">Los objetos que se pueden visualizar en las publicaciones no se encuentran incluidos en los valores estipulados<\/p>\n<\/div><\/div>\n\n\n\n<p><\/p>\n","protected":false},"excerpt":{"rendered":"<p>Departamentos en venta &#8211; Victor Hugo esquina General Paz Desde el pozoA estrenarDos y tres ambientesCocheras opcionales. 5 cubiertas disponibles de 2,50 por 5mts U$S 25.000 c\/u Dos ambientes:Primer Piso, depto \u00abA\u00bb: con balc\u00f3n. Vista a V\u00edctor Hugo. Sup. Cubierta 40,13m\u00b2 Sup. Semicubierta 5,98m\u00b2 Sup. Total 46,11m\u00b2 U$S 92.300 Primer Piso, depto \u00abC\u00bb: con balc\u00f3n&#8230;.<\/p>\n","protected":false},"author":1,"featured_media":16945,"parent":0,"menu_order":0,"comment_status":"closed","ping_status":"closed","template":"","caracter\u00edsticas-propiedad":[230,275,196,194,232,221],"tipos-propiedad":[42],"ciudades-propiedad":[120],"estatus-propiedad":[24],"class_list":["post-16936","property","type-property","status-publish","has-post-thumbnail","hentry","property-feature-a-estrenar","property-feature-apto-credito","property-feature-ascensor","property-feature-balcon","property-feature-de-pozo","property-feature-garaje-o-cochera","property-type-departamento","property-city-villa-devoto","property-status-venta"],"aioseo_notices":[],"property_meta":{"REAL_HOMES_property_price":"92300","REAL_HOMES_property_old_price":"","REAL_HOMES_property_price_prefix":"Desde U$S","REAL_HOMES_property_price_postfix":"","REAL_HOMES_property_size":"","REAL_HOMES_property_size_postfix":"","REAL_HOMES_property_lot_size":"","REAL_HOMES_property_lot_size_postfix":"","REAL_HOMES_property_bedrooms":"1","REAL_HOMES_property_bathrooms":"1","REAL_HOMES_property_garage":"1","REAL_HOMES_property_id":"","REAL_HOMES_property_year_built":"","rvr_property_owner":"","REAL_HOMES_featured":"0","REAL_HOMES_additional_details_list":[],"REAL_HOMES_property_location":{"latitude":"-34.615197318073","longitude":"-58.530114972152","zoom":"16"},"REAL_HOMES_property_address":"V\u00edctor Hugo y Av. Gral. Paz","REAL_HOMES_property_map":"0","REAL_HOMES_property_images":[{"width":150,"height":150,"file":"2025\/03\/Victor-Hugo-Esq.-Gral-Paz-Preview-NO-definitivo_page-0010-scaled.jpg","filesize":349511,"sizes":{"medium":{"file":"Victor-Hugo-Esq.-Gral-Paz-Preview-NO-definitivo_page-0010-300x169.jpg","width":300,"height":169,"mime-type":"image\/jpeg","filesize":19074,"url":"https:\/\/loiaconopropiedades.com.ar\/wp-content\/uploads\/2025\/03\/Victor-Hugo-Esq.-Gral-Paz-Preview-NO-definitivo_page-0010-300x169.jpg"},"large":{"file":"Victor-Hugo-Esq.-Gral-Paz-Preview-NO-definitivo_page-0010-1024x576.jpg","width":1024,"height":576,"mime-type":"image\/jpeg","filesize":86845,"url":"https:\/\/loiaconopropiedades.com.ar\/wp-content\/uploads\/2025\/03\/Victor-Hugo-Esq.-Gral-Paz-Preview-NO-definitivo_page-0010-1024x576.jpg"},"thumbnail":{"file":"Victor-Hugo-Esq.-Gral-Paz-Preview-NO-definitivo_page-0010-150x150.jpg","width":150,"height":150,"mime-type":"image\/jpeg","filesize":13750,"url":"https:\/\/loiaconopropiedades.com.ar\/wp-content\/uploads\/2025\/03\/Victor-Hugo-Esq.-Gral-Paz-Preview-NO-definitivo_page-0010-150x150.jpg"},"medium_large":{"file":"Victor-Hugo-Esq.-Gral-Paz-Preview-NO-definitivo_page-0010-768x432.jpg","width":768,"height":432,"mime-type":"image\/jpeg","filesize":57132,"url":"https:\/\/loiaconopropiedades.com.ar\/wp-content\/uploads\/2025\/03\/Victor-Hugo-Esq.-Gral-Paz-Preview-NO-definitivo_page-0010-768x432.jpg"},"1536x1536":{"file":"Victor-Hugo-Esq.-Gral-Paz-Preview-NO-definitivo_page-0010-1536x864.jpg","width":1536,"height":864,"mime-type":"image\/jpeg","filesize":160438,"url":"https:\/\/loiaconopropiedades.com.ar\/wp-content\/uploads\/2025\/03\/Victor-Hugo-Esq.-Gral-Paz-Preview-NO-definitivo_page-0010-1536x864.jpg"},"2048x2048":{"file":"Victor-Hugo-Esq.-Gral-Paz-Preview-NO-definitivo_page-0010-2048x1152.jpg","width":2048,"height":1152,"mime-type":"image\/jpeg","filesize":248297,"url":"https:\/\/loiaconopropiedades.com.ar\/wp-content\/uploads\/2025\/03\/Victor-Hugo-Esq.-Gral-Paz-Preview-NO-definitivo_page-0010-2048x1152.jpg"},"post-thumbnail":{"file":"Victor-Hugo-Esq.-Gral-Paz-Preview-NO-definitivo_page-0010-150x84.jpg","width":150,"height":84,"mime-type":"image\/jpeg","filesize":11673,"url":"https:\/\/loiaconopropiedades.com.ar\/wp-content\/uploads\/2025\/03\/Victor-Hugo-Esq.-Gral-Paz-Preview-NO-definitivo_page-0010-150x84.jpg"},"modern-property-child-slider":{"file":"Victor-Hugo-Esq.-Gral-Paz-Preview-NO-definitivo_page-0010-680x510.jpg","width":680,"height":510,"mime-type":"image\/jpeg","filesize":61711,"url":"https:\/\/loiaconopropiedades.com.ar\/wp-content\/uploads\/2025\/03\/Victor-Hugo-Esq.-Gral-Paz-Preview-NO-definitivo_page-0010-680x510.jpg"},"property-thumb-image":{"file":"Victor-Hugo-Esq.-Gral-Paz-Preview-NO-definitivo_page-0010-488x326.jpg","width":488,"height":326,"mime-type":"image\/jpeg","filesize":36735,"url":"https:\/\/loiaconopropiedades.com.ar\/wp-content\/uploads\/2025\/03\/Victor-Hugo-Esq.-Gral-Paz-Preview-NO-definitivo_page-0010-488x326.jpg"},"property-detail-video-image":{"file":"Victor-Hugo-Esq.-Gral-Paz-Preview-NO-definitivo_page-0010-818x417.jpg","width":818,"height":417,"mime-type":"image\/jpeg","filesize":58393,"url":"https:\/\/loiaconopropiedades.com.ar\/wp-content\/uploads\/2025\/03\/Victor-Hugo-Esq.-Gral-Paz-Preview-NO-definitivo_page-0010-818x417.jpg"},"agent-image":{"file":"Victor-Hugo-Esq.-Gral-Paz-Preview-NO-definitivo_page-0010-210x210.jpg","width":210,"height":210,"mime-type":"image\/jpeg","filesize":18038,"url":"https:\/\/loiaconopropiedades.com.ar\/wp-content\/uploads\/2025\/03\/Victor-Hugo-Esq.-Gral-Paz-Preview-NO-definitivo_page-0010-210x210.jpg"},"partners-logo":{"file":"Victor-Hugo-Esq.-Gral-Paz-Preview-NO-definitivo_page-0010-600x1688.jpg","width":600,"height":1688,"mime-type":"image\/jpeg","filesize":86394,"url":"https:\/\/loiaconopropiedades.com.ar\/wp-content\/uploads\/2025\/03\/Victor-Hugo-Esq.-Gral-Paz-Preview-NO-definitivo_page-0010-600x1688.jpg"},"gallery-two-column-image":{"file":"Victor-Hugo-Esq.-Gral-Paz-Preview-NO-definitivo_page-0010-536x269.jpg","width":536,"height":269,"mime-type":"image\/jpeg","filesize":33099,"url":"https:\/\/loiaconopropiedades.com.ar\/wp-content\/uploads\/2025\/03\/Victor-Hugo-Esq.-Gral-Paz-Preview-NO-definitivo_page-0010-536x269.jpg"},"property-detail-slider-image-two":{"file":"Victor-Hugo-Esq.-Gral-Paz-Preview-NO-definitivo_page-0010-1170x648.jpg","width":1170,"height":648,"mime-type":"image\/jpeg","filesize":104660,"url":"https:\/\/loiaconopropiedades.com.ar\/wp-content\/uploads\/2025\/03\/Victor-Hugo-Esq.-Gral-Paz-Preview-NO-definitivo_page-0010-1170x648.jpg"},"property-detail-slider-thumb":{"file":"Victor-Hugo-Esq.-Gral-Paz-Preview-NO-definitivo_page-0010-82x60.jpg","width":82,"height":60,"mime-type":"image\/jpeg","filesize":9919,"url":"https:\/\/loiaconopropiedades.com.ar\/wp-content\/uploads\/2025\/03\/Victor-Hugo-Esq.-Gral-Paz-Preview-NO-definitivo_page-0010-82x60.jpg"}},"image_meta":{"aperture":"0","credit":"","camera":"","caption":"","created_timestamp":"0","copyright":"","focal_length":"0","iso":"0","shutter_speed":"0","title":"","orientation":"1","keywords":[]},"original_image":"Victor-Hugo-Esq.-Gral-Paz-Preview-NO-definitivo_page-0010.jpg","ID":"16943","name":"Victor-Hugo-Esq.-Gral-Paz-Preview-NO-definitivo_page-0010-scaled.jpg","path":"\/home\/u353068321\/domains\/loiaconopropiedades.com.ar\/public_html\/wp-content\/uploads\/2025\/03\/Victor-Hugo-Esq.-Gral-Paz-Preview-NO-definitivo_page-0010-scaled.jpg","url":"https:\/\/loiaconopropiedades.com.ar\/wp-content\/uploads\/2025\/03\/Victor-Hugo-Esq.-Gral-Paz-Preview-NO-definitivo_page-0010-150x150.jpg","full_url":"https:\/\/loiaconopropiedades.com.ar\/wp-content\/uploads\/2025\/03\/Victor-Hugo-Esq.-Gral-Paz-Preview-NO-definitivo_page-0010-scaled.jpg","title":"Victor Hugo Esq. Gral Paz - Preview - NO definitivo_page-0010","caption":"","description":"","alt":"","srcset":"https:\/\/loiaconopropiedades.com.ar\/wp-content\/uploads\/2025\/03\/Victor-Hugo-Esq.-Gral-Paz-Preview-NO-definitivo_page-0010-150x150.jpg 150w, https:\/\/loiaconopropiedades.com.ar\/wp-content\/uploads\/2025\/03\/Victor-Hugo-Esq.-Gral-Paz-Preview-NO-definitivo_page-0010-210x210.jpg 210w"},{"width":150,"height":150,"file":"2025\/03\/Victor-Hugo-Esq.-Gral-Paz-Preview-NO-definitivo_page-0011-scaled.jpg","filesize":311289,"sizes":{"medium":{"file":"Victor-Hugo-Esq.-Gral-Paz-Preview-NO-definitivo_page-0011-300x169.jpg","width":300,"height":169,"mime-type":"image\/jpeg","filesize":18833,"url":"https:\/\/loiaconopropiedades.com.ar\/wp-content\/uploads\/2025\/03\/Victor-Hugo-Esq.-Gral-Paz-Preview-NO-definitivo_page-0011-300x169.jpg"},"large":{"file":"Victor-Hugo-Esq.-Gral-Paz-Preview-NO-definitivo_page-0011-1024x576.jpg","width":1024,"height":576,"mime-type":"image\/jpeg","filesize":78544,"url":"https:\/\/loiaconopropiedades.com.ar\/wp-content\/uploads\/2025\/03\/Victor-Hugo-Esq.-Gral-Paz-Preview-NO-definitivo_page-0011-1024x576.jpg"},"thumbnail":{"file":"Victor-Hugo-Esq.-Gral-Paz-Preview-NO-definitivo_page-0011-150x150.jpg","width":150,"height":150,"mime-type":"image\/jpeg","filesize":12824,"url":"https:\/\/loiaconopropiedades.com.ar\/wp-content\/uploads\/2025\/03\/Victor-Hugo-Esq.-Gral-Paz-Preview-NO-definitivo_page-0011-150x150.jpg"},"medium_large":{"file":"Victor-Hugo-Esq.-Gral-Paz-Preview-NO-definitivo_page-0011-768x432.jpg","width":768,"height":432,"mime-type":"image\/jpeg","filesize":52954,"url":"https:\/\/loiaconopropiedades.com.ar\/wp-content\/uploads\/2025\/03\/Victor-Hugo-Esq.-Gral-Paz-Preview-NO-definitivo_page-0011-768x432.jpg"},"1536x1536":{"file":"Victor-Hugo-Esq.-Gral-Paz-Preview-NO-definitivo_page-0011-1536x864.jpg","width":1536,"height":864,"mime-type":"image\/jpeg","filesize":143873,"url":"https:\/\/loiaconopropiedades.com.ar\/wp-content\/uploads\/2025\/03\/Victor-Hugo-Esq.-Gral-Paz-Preview-NO-definitivo_page-0011-1536x864.jpg"},"2048x2048":{"file":"Victor-Hugo-Esq.-Gral-Paz-Preview-NO-definitivo_page-0011-2048x1152.jpg","width":2048,"height":1152,"mime-type":"image\/jpeg","filesize":220935,"url":"https:\/\/loiaconopropiedades.com.ar\/wp-content\/uploads\/2025\/03\/Victor-Hugo-Esq.-Gral-Paz-Preview-NO-definitivo_page-0011-2048x1152.jpg"},"post-thumbnail":{"file":"Victor-Hugo-Esq.-Gral-Paz-Preview-NO-definitivo_page-0011-150x84.jpg","width":150,"height":84,"mime-type":"image\/jpeg","filesize":11808,"url":"https:\/\/loiaconopropiedades.com.ar\/wp-content\/uploads\/2025\/03\/Victor-Hugo-Esq.-Gral-Paz-Preview-NO-definitivo_page-0011-150x84.jpg"},"modern-property-child-slider":{"file":"Victor-Hugo-Esq.-Gral-Paz-Preview-NO-definitivo_page-0011-680x510.jpg","width":680,"height":510,"mime-type":"image\/jpeg","filesize":50776,"url":"https:\/\/loiaconopropiedades.com.ar\/wp-content\/uploads\/2025\/03\/Victor-Hugo-Esq.-Gral-Paz-Preview-NO-definitivo_page-0011-680x510.jpg"},"property-thumb-image":{"file":"Victor-Hugo-Esq.-Gral-Paz-Preview-NO-definitivo_page-0011-488x326.jpg","width":488,"height":326,"mime-type":"image\/jpeg","filesize":32619,"url":"https:\/\/loiaconopropiedades.com.ar\/wp-content\/uploads\/2025\/03\/Victor-Hugo-Esq.-Gral-Paz-Preview-NO-definitivo_page-0011-488x326.jpg"},"property-detail-video-image":{"file":"Victor-Hugo-Esq.-Gral-Paz-Preview-NO-definitivo_page-0011-818x417.jpg","width":818,"height":417,"mime-type":"image\/jpeg","filesize":54873,"url":"https:\/\/loiaconopropiedades.com.ar\/wp-content\/uploads\/2025\/03\/Victor-Hugo-Esq.-Gral-Paz-Preview-NO-definitivo_page-0011-818x417.jpg"},"agent-image":{"file":"Victor-Hugo-Esq.-Gral-Paz-Preview-NO-definitivo_page-0011-210x210.jpg","width":210,"height":210,"mime-type":"image\/jpeg","filesize":16371,"url":"https:\/\/loiaconopropiedades.com.ar\/wp-content\/uploads\/2025\/03\/Victor-Hugo-Esq.-Gral-Paz-Preview-NO-definitivo_page-0011-210x210.jpg"},"partners-logo":{"file":"Victor-Hugo-Esq.-Gral-Paz-Preview-NO-definitivo_page-0011-600x1688.jpg","width":600,"height":1688,"mime-type":"image\/jpeg","filesize":81555,"url":"https:\/\/loiaconopropiedades.com.ar\/wp-content\/uploads\/2025\/03\/Victor-Hugo-Esq.-Gral-Paz-Preview-NO-definitivo_page-0011-600x1688.jpg"},"gallery-two-column-image":{"file":"Victor-Hugo-Esq.-Gral-Paz-Preview-NO-definitivo_page-0011-536x269.jpg","width":536,"height":269,"mime-type":"image\/jpeg","filesize":31871,"url":"https:\/\/loiaconopropiedades.com.ar\/wp-content\/uploads\/2025\/03\/Victor-Hugo-Esq.-Gral-Paz-Preview-NO-definitivo_page-0011-536x269.jpg"},"property-detail-slider-image-two":{"file":"Victor-Hugo-Esq.-Gral-Paz-Preview-NO-definitivo_page-0011-1170x648.jpg","width":1170,"height":648,"mime-type":"image\/jpeg","filesize":95140,"url":"https:\/\/loiaconopropiedades.com.ar\/wp-content\/uploads\/2025\/03\/Victor-Hugo-Esq.-Gral-Paz-Preview-NO-definitivo_page-0011-1170x648.jpg"},"property-detail-slider-thumb":{"file":"Victor-Hugo-Esq.-Gral-Paz-Preview-NO-definitivo_page-0011-82x60.jpg","width":82,"height":60,"mime-type":"image\/jpeg","filesize":9810,"url":"https:\/\/loiaconopropiedades.com.ar\/wp-content\/uploads\/2025\/03\/Victor-Hugo-Esq.-Gral-Paz-Preview-NO-definitivo_page-0011-82x60.jpg"}},"image_meta":{"aperture":"0","credit":"","camera":"","caption":"","created_timestamp":"0","copyright":"","focal_length":"0","iso":"0","shutter_speed":"0","title":"","orientation":"1","keywords":[]},"original_image":"Victor-Hugo-Esq.-Gral-Paz-Preview-NO-definitivo_page-0011.jpg","ID":"16944","name":"Victor-Hugo-Esq.-Gral-Paz-Preview-NO-definitivo_page-0011-scaled.jpg","path":"\/home\/u353068321\/domains\/loiaconopropiedades.com.ar\/public_html\/wp-content\/uploads\/2025\/03\/Victor-Hugo-Esq.-Gral-Paz-Preview-NO-definitivo_page-0011-scaled.jpg","url":"https:\/\/loiaconopropiedades.com.ar\/wp-content\/uploads\/2025\/03\/Victor-Hugo-Esq.-Gral-Paz-Preview-NO-definitivo_page-0011-150x150.jpg","full_url":"https:\/\/loiaconopropiedades.com.ar\/wp-content\/uploads\/2025\/03\/Victor-Hugo-Esq.-Gral-Paz-Preview-NO-definitivo_page-0011-scaled.jpg","title":"Victor Hugo Esq. Gral Paz - Preview - NO definitivo_page-0011","caption":"","description":"","alt":"","srcset":"https:\/\/loiaconopropiedades.com.ar\/wp-content\/uploads\/2025\/03\/Victor-Hugo-Esq.-Gral-Paz-Preview-NO-definitivo_page-0011-150x150.jpg 150w, https:\/\/loiaconopropiedades.com.ar\/wp-content\/uploads\/2025\/03\/Victor-Hugo-Esq.-Gral-Paz-Preview-NO-definitivo_page-0011-210x210.jpg 210w"},{"width":150,"height":150,"file":"2025\/03\/Victor-Hugo-Esq.-Gral-Paz-Preview-NO-definitivo_page-0009-scaled.jpg","filesize":344712,"sizes":{"medium":{"file":"Victor-Hugo-Esq.-Gral-Paz-Preview-NO-definitivo_page-0009-300x169.jpg","width":300,"height":169,"mime-type":"image\/jpeg","filesize":18056,"url":"https:\/\/loiaconopropiedades.com.ar\/wp-content\/uploads\/2025\/03\/Victor-Hugo-Esq.-Gral-Paz-Preview-NO-definitivo_page-0009-300x169.jpg"},"large":{"file":"Victor-Hugo-Esq.-Gral-Paz-Preview-NO-definitivo_page-0009-1024x576.jpg","width":1024,"height":576,"mime-type":"image\/jpeg","filesize":81305,"url":"https:\/\/loiaconopropiedades.com.ar\/wp-content\/uploads\/2025\/03\/Victor-Hugo-Esq.-Gral-Paz-Preview-NO-definitivo_page-0009-1024x576.jpg"},"thumbnail":{"file":"Victor-Hugo-Esq.-Gral-Paz-Preview-NO-definitivo_page-0009-150x150.jpg","width":150,"height":150,"mime-type":"image\/jpeg","filesize":13748,"url":"https:\/\/loiaconopropiedades.com.ar\/wp-content\/uploads\/2025\/03\/Victor-Hugo-Esq.-Gral-Paz-Preview-NO-definitivo_page-0009-150x150.jpg"},"medium_large":{"file":"Victor-Hugo-Esq.-Gral-Paz-Preview-NO-definitivo_page-0009-768x432.jpg","width":768,"height":432,"mime-type":"image\/jpeg","filesize":53356,"url":"https:\/\/loiaconopropiedades.com.ar\/wp-content\/uploads\/2025\/03\/Victor-Hugo-Esq.-Gral-Paz-Preview-NO-definitivo_page-0009-768x432.jpg"},"1536x1536":{"file":"Victor-Hugo-Esq.-Gral-Paz-Preview-NO-definitivo_page-0009-1536x864.jpg","width":1536,"height":864,"mime-type":"image\/jpeg","filesize":153756,"url":"https:\/\/loiaconopropiedades.com.ar\/wp-content\/uploads\/2025\/03\/Victor-Hugo-Esq.-Gral-Paz-Preview-NO-definitivo_page-0009-1536x864.jpg"},"2048x2048":{"file":"Victor-Hugo-Esq.-Gral-Paz-Preview-NO-definitivo_page-0009-2048x1152.jpg","width":2048,"height":1152,"mime-type":"image\/jpeg","filesize":242427,"url":"https:\/\/loiaconopropiedades.com.ar\/wp-content\/uploads\/2025\/03\/Victor-Hugo-Esq.-Gral-Paz-Preview-NO-definitivo_page-0009-2048x1152.jpg"},"post-thumbnail":{"file":"Victor-Hugo-Esq.-Gral-Paz-Preview-NO-definitivo_page-0009-150x84.jpg","width":150,"height":84,"mime-type":"image\/jpeg","filesize":11193,"url":"https:\/\/loiaconopropiedades.com.ar\/wp-content\/uploads\/2025\/03\/Victor-Hugo-Esq.-Gral-Paz-Preview-NO-definitivo_page-0009-150x84.jpg"},"modern-property-child-slider":{"file":"Victor-Hugo-Esq.-Gral-Paz-Preview-NO-definitivo_page-0009-680x510.jpg","width":680,"height":510,"mime-type":"image\/jpeg","filesize":57296,"url":"https:\/\/loiaconopropiedades.com.ar\/wp-content\/uploads\/2025\/03\/Victor-Hugo-Esq.-Gral-Paz-Preview-NO-definitivo_page-0009-680x510.jpg"},"property-thumb-image":{"file":"Victor-Hugo-Esq.-Gral-Paz-Preview-NO-definitivo_page-0009-488x326.jpg","width":488,"height":326,"mime-type":"image\/jpeg","filesize":33579,"url":"https:\/\/loiaconopropiedades.com.ar\/wp-content\/uploads\/2025\/03\/Victor-Hugo-Esq.-Gral-Paz-Preview-NO-definitivo_page-0009-488x326.jpg"},"property-detail-video-image":{"file":"Victor-Hugo-Esq.-Gral-Paz-Preview-NO-definitivo_page-0009-818x417.jpg","width":818,"height":417,"mime-type":"image\/jpeg","filesize":55939,"url":"https:\/\/loiaconopropiedades.com.ar\/wp-content\/uploads\/2025\/03\/Victor-Hugo-Esq.-Gral-Paz-Preview-NO-definitivo_page-0009-818x417.jpg"},"agent-image":{"file":"Victor-Hugo-Esq.-Gral-Paz-Preview-NO-definitivo_page-0009-210x210.jpg","width":210,"height":210,"mime-type":"image\/jpeg","filesize":17942,"url":"https:\/\/loiaconopropiedades.com.ar\/wp-content\/uploads\/2025\/03\/Victor-Hugo-Esq.-Gral-Paz-Preview-NO-definitivo_page-0009-210x210.jpg"},"partners-logo":{"file":"Victor-Hugo-Esq.-Gral-Paz-Preview-NO-definitivo_page-0009-600x3375.jpg","width":600,"height":3375,"mime-type":"image\/jpeg","filesize":152078,"url":"https:\/\/loiaconopropiedades.com.ar\/wp-content\/uploads\/2025\/03\/Victor-Hugo-Esq.-Gral-Paz-Preview-NO-definitivo_page-0009-600x3375.jpg"},"gallery-two-column-image":{"file":"Victor-Hugo-Esq.-Gral-Paz-Preview-NO-definitivo_page-0009-536x269.jpg","width":536,"height":269,"mime-type":"image\/jpeg","filesize":31349,"url":"https:\/\/loiaconopropiedades.com.ar\/wp-content\/uploads\/2025\/03\/Victor-Hugo-Esq.-Gral-Paz-Preview-NO-definitivo_page-0009-536x269.jpg"},"property-detail-slider-image-two":{"file":"Victor-Hugo-Esq.-Gral-Paz-Preview-NO-definitivo_page-0009-1170x648.jpg","width":1170,"height":648,"mime-type":"image\/jpeg","filesize":100345,"url":"https:\/\/loiaconopropiedades.com.ar\/wp-content\/uploads\/2025\/03\/Victor-Hugo-Esq.-Gral-Paz-Preview-NO-definitivo_page-0009-1170x648.jpg"},"property-detail-slider-thumb":{"file":"Victor-Hugo-Esq.-Gral-Paz-Preview-NO-definitivo_page-0009-82x60.jpg","width":82,"height":60,"mime-type":"image\/jpeg","filesize":9544,"url":"https:\/\/loiaconopropiedades.com.ar\/wp-content\/uploads\/2025\/03\/Victor-Hugo-Esq.-Gral-Paz-Preview-NO-definitivo_page-0009-82x60.jpg"}},"image_meta":{"aperture":"0","credit":"","camera":"","caption":"","created_timestamp":"0","copyright":"","focal_length":"0","iso":"0","shutter_speed":"0","title":"","orientation":"1","keywords":[]},"original_image":"Victor-Hugo-Esq.-Gral-Paz-Preview-NO-definitivo_page-0009.jpg","ID":"16945","name":"Victor-Hugo-Esq.-Gral-Paz-Preview-NO-definitivo_page-0009-scaled.jpg","path":"\/home\/u353068321\/domains\/loiaconopropiedades.com.ar\/public_html\/wp-content\/uploads\/2025\/03\/Victor-Hugo-Esq.-Gral-Paz-Preview-NO-definitivo_page-0009-scaled.jpg","url":"https:\/\/loiaconopropiedades.com.ar\/wp-content\/uploads\/2025\/03\/Victor-Hugo-Esq.-Gral-Paz-Preview-NO-definitivo_page-0009-150x150.jpg","full_url":"https:\/\/loiaconopropiedades.com.ar\/wp-content\/uploads\/2025\/03\/Victor-Hugo-Esq.-Gral-Paz-Preview-NO-definitivo_page-0009-scaled.jpg","title":"Victor Hugo Esq. Gral Paz - Preview - NO definitivo_page-0009","caption":"","description":"","alt":"","srcset":"https:\/\/loiaconopropiedades.com.ar\/wp-content\/uploads\/2025\/03\/Victor-Hugo-Esq.-Gral-Paz-Preview-NO-definitivo_page-0009-150x150.jpg 150w, https:\/\/loiaconopropiedades.com.ar\/wp-content\/uploads\/2025\/03\/Victor-Hugo-Esq.-Gral-Paz-Preview-NO-definitivo_page-0009-210x210.jpg 210w"},{"width":150,"height":150,"file":"2025\/03\/Victor-Hugo-Esq.-Gral-Paz-Preview-NO-definitivo_page-0008-scaled.jpg","filesize":393303,"sizes":{"medium":{"file":"Victor-Hugo-Esq.-Gral-Paz-Preview-NO-definitivo_page-0008-300x169.jpg","width":300,"height":169,"mime-type":"image\/jpeg","filesize":19406,"url":"https:\/\/loiaconopropiedades.com.ar\/wp-content\/uploads\/2025\/03\/Victor-Hugo-Esq.-Gral-Paz-Preview-NO-definitivo_page-0008-300x169.jpg"},"large":{"file":"Victor-Hugo-Esq.-Gral-Paz-Preview-NO-definitivo_page-0008-1024x576.jpg","width":1024,"height":576,"mime-type":"image\/jpeg","filesize":91466,"url":"https:\/\/loiaconopropiedades.com.ar\/wp-content\/uploads\/2025\/03\/Victor-Hugo-Esq.-Gral-Paz-Preview-NO-definitivo_page-0008-1024x576.jpg"},"thumbnail":{"file":"Victor-Hugo-Esq.-Gral-Paz-Preview-NO-definitivo_page-0008-150x150.jpg","width":150,"height":150,"mime-type":"image\/jpeg","filesize":13274,"url":"https:\/\/loiaconopropiedades.com.ar\/wp-content\/uploads\/2025\/03\/Victor-Hugo-Esq.-Gral-Paz-Preview-NO-definitivo_page-0008-150x150.jpg"},"medium_large":{"file":"Victor-Hugo-Esq.-Gral-Paz-Preview-NO-definitivo_page-0008-768x432.jpg","width":768,"height":432,"mime-type":"image\/jpeg","filesize":59243,"url":"https:\/\/loiaconopropiedades.com.ar\/wp-content\/uploads\/2025\/03\/Victor-Hugo-Esq.-Gral-Paz-Preview-NO-definitivo_page-0008-768x432.jpg"},"1536x1536":{"file":"Victor-Hugo-Esq.-Gral-Paz-Preview-NO-definitivo_page-0008-1536x864.jpg","width":1536,"height":864,"mime-type":"image\/jpeg","filesize":172614,"url":"https:\/\/loiaconopropiedades.com.ar\/wp-content\/uploads\/2025\/03\/Victor-Hugo-Esq.-Gral-Paz-Preview-NO-definitivo_page-0008-1536x864.jpg"},"2048x2048":{"file":"Victor-Hugo-Esq.-Gral-Paz-Preview-NO-definitivo_page-0008-2048x1152.jpg","width":2048,"height":1152,"mime-type":"image\/jpeg","filesize":272832,"url":"https:\/\/loiaconopropiedades.com.ar\/wp-content\/uploads\/2025\/03\/Victor-Hugo-Esq.-Gral-Paz-Preview-NO-definitivo_page-0008-2048x1152.jpg"},"post-thumbnail":{"file":"Victor-Hugo-Esq.-Gral-Paz-Preview-NO-definitivo_page-0008-150x84.jpg","width":150,"height":84,"mime-type":"image\/jpeg","filesize":11927,"url":"https:\/\/loiaconopropiedades.com.ar\/wp-content\/uploads\/2025\/03\/Victor-Hugo-Esq.-Gral-Paz-Preview-NO-definitivo_page-0008-150x84.jpg"},"modern-property-child-slider":{"file":"Victor-Hugo-Esq.-Gral-Paz-Preview-NO-definitivo_page-0008-680x510.jpg","width":680,"height":510,"mime-type":"image\/jpeg","filesize":56131,"url":"https:\/\/loiaconopropiedades.com.ar\/wp-content\/uploads\/2025\/03\/Victor-Hugo-Esq.-Gral-Paz-Preview-NO-definitivo_page-0008-680x510.jpg"},"property-thumb-image":{"file":"Victor-Hugo-Esq.-Gral-Paz-Preview-NO-definitivo_page-0008-488x326.jpg","width":488,"height":326,"mime-type":"image\/jpeg","filesize":35302,"url":"https:\/\/loiaconopropiedades.com.ar\/wp-content\/uploads\/2025\/03\/Victor-Hugo-Esq.-Gral-Paz-Preview-NO-definitivo_page-0008-488x326.jpg"},"property-detail-video-image":{"file":"Victor-Hugo-Esq.-Gral-Paz-Preview-NO-definitivo_page-0008-818x417.jpg","width":818,"height":417,"mime-type":"image\/jpeg","filesize":61808,"url":"https:\/\/loiaconopropiedades.com.ar\/wp-content\/uploads\/2025\/03\/Victor-Hugo-Esq.-Gral-Paz-Preview-NO-definitivo_page-0008-818x417.jpg"},"agent-image":{"file":"Victor-Hugo-Esq.-Gral-Paz-Preview-NO-definitivo_page-0008-210x210.jpg","width":210,"height":210,"mime-type":"image\/jpeg","filesize":16771,"url":"https:\/\/loiaconopropiedades.com.ar\/wp-content\/uploads\/2025\/03\/Victor-Hugo-Esq.-Gral-Paz-Preview-NO-definitivo_page-0008-210x210.jpg"},"partners-logo":{"file":"Victor-Hugo-Esq.-Gral-Paz-Preview-NO-definitivo_page-0008-600x3375.jpg","width":600,"height":3375,"mime-type":"image\/jpeg","filesize":121923,"url":"https:\/\/loiaconopropiedades.com.ar\/wp-content\/uploads\/2025\/03\/Victor-Hugo-Esq.-Gral-Paz-Preview-NO-definitivo_page-0008-600x3375.jpg"},"gallery-two-column-image":{"file":"Victor-Hugo-Esq.-Gral-Paz-Preview-NO-definitivo_page-0008-536x269.jpg","width":536,"height":269,"mime-type":"image\/jpeg","filesize":34566,"url":"https:\/\/loiaconopropiedades.com.ar\/wp-content\/uploads\/2025\/03\/Victor-Hugo-Esq.-Gral-Paz-Preview-NO-definitivo_page-0008-536x269.jpg"},"property-detail-slider-image-two":{"file":"Victor-Hugo-Esq.-Gral-Paz-Preview-NO-definitivo_page-0008-1170x648.jpg","width":1170,"height":648,"mime-type":"image\/jpeg","filesize":110879,"url":"https:\/\/loiaconopropiedades.com.ar\/wp-content\/uploads\/2025\/03\/Victor-Hugo-Esq.-Gral-Paz-Preview-NO-definitivo_page-0008-1170x648.jpg"},"property-detail-slider-thumb":{"file":"Victor-Hugo-Esq.-Gral-Paz-Preview-NO-definitivo_page-0008-82x60.jpg","width":82,"height":60,"mime-type":"image\/jpeg","filesize":9962,"url":"https:\/\/loiaconopropiedades.com.ar\/wp-content\/uploads\/2025\/03\/Victor-Hugo-Esq.-Gral-Paz-Preview-NO-definitivo_page-0008-82x60.jpg"}},"image_meta":{"aperture":"0","credit":"","camera":"","caption":"","created_timestamp":"0","copyright":"","focal_length":"0","iso":"0","shutter_speed":"0","title":"","orientation":"1","keywords":[]},"original_image":"Victor-Hugo-Esq.-Gral-Paz-Preview-NO-definitivo_page-0008.jpg","ID":"16946","name":"Victor-Hugo-Esq.-Gral-Paz-Preview-NO-definitivo_page-0008-scaled.jpg","path":"\/home\/u353068321\/domains\/loiaconopropiedades.com.ar\/public_html\/wp-content\/uploads\/2025\/03\/Victor-Hugo-Esq.-Gral-Paz-Preview-NO-definitivo_page-0008-scaled.jpg","url":"https:\/\/loiaconopropiedades.com.ar\/wp-content\/uploads\/2025\/03\/Victor-Hugo-Esq.-Gral-Paz-Preview-NO-definitivo_page-0008-150x150.jpg","full_url":"https:\/\/loiaconopropiedades.com.ar\/wp-content\/uploads\/2025\/03\/Victor-Hugo-Esq.-Gral-Paz-Preview-NO-definitivo_page-0008-scaled.jpg","title":"Victor Hugo Esq. Gral Paz - Preview - NO definitivo_page-0008","caption":"","description":"","alt":"","srcset":"https:\/\/loiaconopropiedades.com.ar\/wp-content\/uploads\/2025\/03\/Victor-Hugo-Esq.-Gral-Paz-Preview-NO-definitivo_page-0008-150x150.jpg 150w, https:\/\/loiaconopropiedades.com.ar\/wp-content\/uploads\/2025\/03\/Victor-Hugo-Esq.-Gral-Paz-Preview-NO-definitivo_page-0008-210x210.jpg 210w"},{"width":150,"height":150,"file":"2025\/03\/Victor-Hugo-Esq.-Gral-Paz-Preview-NO-definitivo_page-0007-scaled.jpg","filesize":546989,"sizes":{"medium":{"file":"Victor-Hugo-Esq.-Gral-Paz-Preview-NO-definitivo_page-0007-300x169.jpg","width":300,"height":169,"mime-type":"image\/jpeg","filesize":19260,"url":"https:\/\/loiaconopropiedades.com.ar\/wp-content\/uploads\/2025\/03\/Victor-Hugo-Esq.-Gral-Paz-Preview-NO-definitivo_page-0007-300x169.jpg"},"large":{"file":"Victor-Hugo-Esq.-Gral-Paz-Preview-NO-definitivo_page-0007-1024x576.jpg","width":1024,"height":576,"mime-type":"image\/jpeg","filesize":108370,"url":"https:\/\/loiaconopropiedades.com.ar\/wp-content\/uploads\/2025\/03\/Victor-Hugo-Esq.-Gral-Paz-Preview-NO-definitivo_page-0007-1024x576.jpg"},"thumbnail":{"file":"Victor-Hugo-Esq.-Gral-Paz-Preview-NO-definitivo_page-0007-150x150.jpg","width":150,"height":150,"mime-type":"image\/jpeg","filesize":13384,"url":"https:\/\/loiaconopropiedades.com.ar\/wp-content\/uploads\/2025\/03\/Victor-Hugo-Esq.-Gral-Paz-Preview-NO-definitivo_page-0007-150x150.jpg"},"medium_large":{"file":"Victor-Hugo-Esq.-Gral-Paz-Preview-NO-definitivo_page-0007-768x432.jpg","width":768,"height":432,"mime-type":"image\/jpeg","filesize":65675,"url":"https:\/\/loiaconopropiedades.com.ar\/wp-content\/uploads\/2025\/03\/Victor-Hugo-Esq.-Gral-Paz-Preview-NO-definitivo_page-0007-768x432.jpg"},"1536x1536":{"file":"Victor-Hugo-Esq.-Gral-Paz-Preview-NO-definitivo_page-0007-1536x864.jpg","width":1536,"height":864,"mime-type":"image\/jpeg","filesize":221755,"url":"https:\/\/loiaconopropiedades.com.ar\/wp-content\/uploads\/2025\/03\/Victor-Hugo-Esq.-Gral-Paz-Preview-NO-definitivo_page-0007-1536x864.jpg"},"2048x2048":{"file":"Victor-Hugo-Esq.-Gral-Paz-Preview-NO-definitivo_page-0007-2048x1152.jpg","width":2048,"height":1152,"mime-type":"image\/jpeg","filesize":367634,"url":"https:\/\/loiaconopropiedades.com.ar\/wp-content\/uploads\/2025\/03\/Victor-Hugo-Esq.-Gral-Paz-Preview-NO-definitivo_page-0007-2048x1152.jpg"},"post-thumbnail":{"file":"Victor-Hugo-Esq.-Gral-Paz-Preview-NO-definitivo_page-0007-150x84.jpg","width":150,"height":84,"mime-type":"image\/jpeg","filesize":11491,"url":"https:\/\/loiaconopropiedades.com.ar\/wp-content\/uploads\/2025\/03\/Victor-Hugo-Esq.-Gral-Paz-Preview-NO-definitivo_page-0007-150x84.jpg"},"modern-property-child-slider":{"file":"Victor-Hugo-Esq.-Gral-Paz-Preview-NO-definitivo_page-0007-680x510.jpg","width":680,"height":510,"mime-type":"image\/jpeg","filesize":66562,"url":"https:\/\/loiaconopropiedades.com.ar\/wp-content\/uploads\/2025\/03\/Victor-Hugo-Esq.-Gral-Paz-Preview-NO-definitivo_page-0007-680x510.jpg"},"property-thumb-image":{"file":"Victor-Hugo-Esq.-Gral-Paz-Preview-NO-definitivo_page-0007-488x326.jpg","width":488,"height":326,"mime-type":"image\/jpeg","filesize":36981,"url":"https:\/\/loiaconopropiedades.com.ar\/wp-content\/uploads\/2025\/03\/Victor-Hugo-Esq.-Gral-Paz-Preview-NO-definitivo_page-0007-488x326.jpg"},"property-detail-video-image":{"file":"Victor-Hugo-Esq.-Gral-Paz-Preview-NO-definitivo_page-0007-818x417.jpg","width":818,"height":417,"mime-type":"image\/jpeg","filesize":68891,"url":"https:\/\/loiaconopropiedades.com.ar\/wp-content\/uploads\/2025\/03\/Victor-Hugo-Esq.-Gral-Paz-Preview-NO-definitivo_page-0007-818x417.jpg"},"agent-image":{"file":"Victor-Hugo-Esq.-Gral-Paz-Preview-NO-definitivo_page-0007-210x210.jpg","width":210,"height":210,"mime-type":"image\/jpeg","filesize":17679,"url":"https:\/\/loiaconopropiedades.com.ar\/wp-content\/uploads\/2025\/03\/Victor-Hugo-Esq.-Gral-Paz-Preview-NO-definitivo_page-0007-210x210.jpg"},"partners-logo":{"file":"Victor-Hugo-Esq.-Gral-Paz-Preview-NO-definitivo_page-0007-600x3375.jpg","width":600,"height":3375,"mime-type":"image\/jpeg","filesize":255639,"url":"https:\/\/loiaconopropiedades.com.ar\/wp-content\/uploads\/2025\/03\/Victor-Hugo-Esq.-Gral-Paz-Preview-NO-definitivo_page-0007-600x3375.jpg"},"gallery-two-column-image":{"file":"Victor-Hugo-Esq.-Gral-Paz-Preview-NO-definitivo_page-0007-536x269.jpg","width":536,"height":269,"mime-type":"image\/jpeg","filesize":35209,"url":"https:\/\/loiaconopropiedades.com.ar\/wp-content\/uploads\/2025\/03\/Victor-Hugo-Esq.-Gral-Paz-Preview-NO-definitivo_page-0007-536x269.jpg"},"property-detail-slider-image-two":{"file":"Victor-Hugo-Esq.-Gral-Paz-Preview-NO-definitivo_page-0007-1170x648.jpg","width":1170,"height":648,"mime-type":"image\/jpeg","filesize":134816,"url":"https:\/\/loiaconopropiedades.com.ar\/wp-content\/uploads\/2025\/03\/Victor-Hugo-Esq.-Gral-Paz-Preview-NO-definitivo_page-0007-1170x648.jpg"},"property-detail-slider-thumb":{"file":"Victor-Hugo-Esq.-Gral-Paz-Preview-NO-definitivo_page-0007-82x60.jpg","width":82,"height":60,"mime-type":"image\/jpeg","filesize":9586,"url":"https:\/\/loiaconopropiedades.com.ar\/wp-content\/uploads\/2025\/03\/Victor-Hugo-Esq.-Gral-Paz-Preview-NO-definitivo_page-0007-82x60.jpg"}},"image_meta":{"aperture":"0","credit":"","camera":"","caption":"","created_timestamp":"0","copyright":"","focal_length":"0","iso":"0","shutter_speed":"0","title":"","orientation":"1","keywords":[]},"original_image":"Victor-Hugo-Esq.-Gral-Paz-Preview-NO-definitivo_page-0007.jpg","ID":"16947","name":"Victor-Hugo-Esq.-Gral-Paz-Preview-NO-definitivo_page-0007-scaled.jpg","path":"\/home\/u353068321\/domains\/loiaconopropiedades.com.ar\/public_html\/wp-content\/uploads\/2025\/03\/Victor-Hugo-Esq.-Gral-Paz-Preview-NO-definitivo_page-0007-scaled.jpg","url":"https:\/\/loiaconopropiedades.com.ar\/wp-content\/uploads\/2025\/03\/Victor-Hugo-Esq.-Gral-Paz-Preview-NO-definitivo_page-0007-150x150.jpg","full_url":"https:\/\/loiaconopropiedades.com.ar\/wp-content\/uploads\/2025\/03\/Victor-Hugo-Esq.-Gral-Paz-Preview-NO-definitivo_page-0007-scaled.jpg","title":"Victor Hugo Esq. Gral Paz - Preview - NO definitivo_page-0007","caption":"","description":"","alt":"","srcset":"https:\/\/loiaconopropiedades.com.ar\/wp-content\/uploads\/2025\/03\/Victor-Hugo-Esq.-Gral-Paz-Preview-NO-definitivo_page-0007-150x150.jpg 150w, https:\/\/loiaconopropiedades.com.ar\/wp-content\/uploads\/2025\/03\/Victor-Hugo-Esq.-Gral-Paz-Preview-NO-definitivo_page-0007-210x210.jpg 210w"},{"width":150,"height":150,"file":"2025\/03\/Victor-Hugo-Esq.-Gral-Paz-Preview-NO-definitivo_page-0001-scaled.jpg","filesize":674574,"sizes":{"medium":{"file":"Victor-Hugo-Esq.-Gral-Paz-Preview-NO-definitivo_page-0001-282x300.jpg","width":282,"height":300,"mime-type":"image\/jpeg","filesize":24909,"url":"https:\/\/loiaconopropiedades.com.ar\/wp-content\/uploads\/2025\/03\/Victor-Hugo-Esq.-Gral-Paz-Preview-NO-definitivo_page-0001-282x300.jpg"},"large":{"file":"Victor-Hugo-Esq.-Gral-Paz-Preview-NO-definitivo_page-0001-964x1024.jpg","width":964,"height":1024,"mime-type":"image\/jpeg","filesize":138711,"url":"https:\/\/loiaconopropiedades.com.ar\/wp-content\/uploads\/2025\/03\/Victor-Hugo-Esq.-Gral-Paz-Preview-NO-definitivo_page-0001-964x1024.jpg"},"thumbnail":{"file":"Victor-Hugo-Esq.-Gral-Paz-Preview-NO-definitivo_page-0001-150x150.jpg","width":150,"height":150,"mime-type":"image\/jpeg","filesize":14619,"url":"https:\/\/loiaconopropiedades.com.ar\/wp-content\/uploads\/2025\/03\/Victor-Hugo-Esq.-Gral-Paz-Preview-NO-definitivo_page-0001-150x150.jpg"},"medium_large":{"file":"Victor-Hugo-Esq.-Gral-Paz-Preview-NO-definitivo_page-0001-768x816.jpg","width":768,"height":816,"mime-type":"image\/jpeg","filesize":94994,"url":"https:\/\/loiaconopropiedades.com.ar\/wp-content\/uploads\/2025\/03\/Victor-Hugo-Esq.-Gral-Paz-Preview-NO-definitivo_page-0001-768x816.jpg"},"1536x1536":{"file":"Victor-Hugo-Esq.-Gral-Paz-Preview-NO-definitivo_page-0001-1446x1536.jpg","width":1446,"height":1536,"mime-type":"image\/jpeg","filesize":279087,"url":"https:\/\/loiaconopropiedades.com.ar\/wp-content\/uploads\/2025\/03\/Victor-Hugo-Esq.-Gral-Paz-Preview-NO-definitivo_page-0001-1446x1536.jpg"},"2048x2048":{"file":"Victor-Hugo-Esq.-Gral-Paz-Preview-NO-definitivo_page-0001-1928x2048.jpg","width":1928,"height":2048,"mime-type":"image\/jpeg","filesize":461175,"url":"https:\/\/loiaconopropiedades.com.ar\/wp-content\/uploads\/2025\/03\/Victor-Hugo-Esq.-Gral-Paz-Preview-NO-definitivo_page-0001-1928x2048.jpg"},"post-thumbnail":{"file":"Victor-Hugo-Esq.-Gral-Paz-Preview-NO-definitivo_page-0001-141x150.jpg","width":141,"height":150,"mime-type":"image\/jpeg","filesize":14334,"url":"https:\/\/loiaconopropiedades.com.ar\/wp-content\/uploads\/2025\/03\/Victor-Hugo-Esq.-Gral-Paz-Preview-NO-definitivo_page-0001-141x150.jpg"},"modern-property-child-slider":{"file":"Victor-Hugo-Esq.-Gral-Paz-Preview-NO-definitivo_page-0001-680x510.jpg","width":680,"height":510,"mime-type":"image\/jpeg","filesize":55737,"url":"https:\/\/loiaconopropiedades.com.ar\/wp-content\/uploads\/2025\/03\/Victor-Hugo-Esq.-Gral-Paz-Preview-NO-definitivo_page-0001-680x510.jpg"},"property-thumb-image":{"file":"Victor-Hugo-Esq.-Gral-Paz-Preview-NO-definitivo_page-0001-488x326.jpg","width":488,"height":326,"mime-type":"image\/jpeg","filesize":32137,"url":"https:\/\/loiaconopropiedades.com.ar\/wp-content\/uploads\/2025\/03\/Victor-Hugo-Esq.-Gral-Paz-Preview-NO-definitivo_page-0001-488x326.jpg"},"property-detail-video-image":{"file":"Victor-Hugo-Esq.-Gral-Paz-Preview-NO-definitivo_page-0001-818x417.jpg","width":818,"height":417,"mime-type":"image\/jpeg","filesize":50956,"url":"https:\/\/loiaconopropiedades.com.ar\/wp-content\/uploads\/2025\/03\/Victor-Hugo-Esq.-Gral-Paz-Preview-NO-definitivo_page-0001-818x417.jpg"},"agent-image":{"file":"Victor-Hugo-Esq.-Gral-Paz-Preview-NO-definitivo_page-0001-210x210.jpg","width":210,"height":210,"mime-type":"image\/jpeg","filesize":18628,"url":"https:\/\/loiaconopropiedades.com.ar\/wp-content\/uploads\/2025\/03\/Victor-Hugo-Esq.-Gral-Paz-Preview-NO-definitivo_page-0001-210x210.jpg"},"partners-logo":{"file":"Victor-Hugo-Esq.-Gral-Paz-Preview-NO-definitivo_page-0001-600x2636.jpg","width":600,"height":2636,"mime-type":"image\/jpeg","filesize":189443,"url":"https:\/\/loiaconopropiedades.com.ar\/wp-content\/uploads\/2025\/03\/Victor-Hugo-Esq.-Gral-Paz-Preview-NO-definitivo_page-0001-600x2636.jpg"},"gallery-two-column-image":{"file":"Victor-Hugo-Esq.-Gral-Paz-Preview-NO-definitivo_page-0001-536x269.jpg","width":536,"height":269,"mime-type":"image\/jpeg","filesize":29200,"url":"https:\/\/loiaconopropiedades.com.ar\/wp-content\/uploads\/2025\/03\/Victor-Hugo-Esq.-Gral-Paz-Preview-NO-definitivo_page-0001-536x269.jpg"},"property-detail-slider-image-two":{"file":"Victor-Hugo-Esq.-Gral-Paz-Preview-NO-definitivo_page-0001-1170x648.jpg","width":1170,"height":648,"mime-type":"image\/jpeg","filesize":94545,"url":"https:\/\/loiaconopropiedades.com.ar\/wp-content\/uploads\/2025\/03\/Victor-Hugo-Esq.-Gral-Paz-Preview-NO-definitivo_page-0001-1170x648.jpg"},"property-detail-slider-thumb":{"file":"Victor-Hugo-Esq.-Gral-Paz-Preview-NO-definitivo_page-0001-82x60.jpg","width":82,"height":60,"mime-type":"image\/jpeg","filesize":10832,"url":"https:\/\/loiaconopropiedades.com.ar\/wp-content\/uploads\/2025\/03\/Victor-Hugo-Esq.-Gral-Paz-Preview-NO-definitivo_page-0001-82x60.jpg"}},"image_meta":{"aperture":"0","credit":"","camera":"","caption":"","created_timestamp":"0","copyright":"","focal_length":"0","iso":"0","shutter_speed":"0","title":"","orientation":"1","keywords":[]},"original_image":"Victor-Hugo-Esq.-Gral-Paz-Preview-NO-definitivo_page-0001.jpg","ID":"16953","name":"Victor-Hugo-Esq.-Gral-Paz-Preview-NO-definitivo_page-0001-scaled.jpg","path":"\/home\/u353068321\/domains\/loiaconopropiedades.com.ar\/public_html\/wp-content\/uploads\/2025\/03\/Victor-Hugo-Esq.-Gral-Paz-Preview-NO-definitivo_page-0001-scaled.jpg","url":"https:\/\/loiaconopropiedades.com.ar\/wp-content\/uploads\/2025\/03\/Victor-Hugo-Esq.-Gral-Paz-Preview-NO-definitivo_page-0001-150x150.jpg","full_url":"https:\/\/loiaconopropiedades.com.ar\/wp-content\/uploads\/2025\/03\/Victor-Hugo-Esq.-Gral-Paz-Preview-NO-definitivo_page-0001-scaled.jpg","title":"Victor Hugo Esq. Gral Paz - Preview - NO definitivo_page-0001","caption":"","description":"","alt":"","srcset":"https:\/\/loiaconopropiedades.com.ar\/wp-content\/uploads\/2025\/03\/Victor-Hugo-Esq.-Gral-Paz-Preview-NO-definitivo_page-0001-150x150.jpg 150w, https:\/\/loiaconopropiedades.com.ar\/wp-content\/uploads\/2025\/03\/Victor-Hugo-Esq.-Gral-Paz-Preview-NO-definitivo_page-0001-210x210.jpg 210w"},{"width":150,"height":150,"file":"2025\/03\/Victor-Hugo-Esq.-Gral-Paz-Preview-NO-definitivo_page-0002-scaled.jpg","filesize":275952,"sizes":{"medium":{"file":"Victor-Hugo-Esq.-Gral-Paz-Preview-NO-definitivo_page-0002-300x212.jpg","width":300,"height":212,"mime-type":"image\/jpeg","filesize":17769,"url":"https:\/\/loiaconopropiedades.com.ar\/wp-content\/uploads\/2025\/03\/Victor-Hugo-Esq.-Gral-Paz-Preview-NO-definitivo_page-0002-300x212.jpg"},"large":{"file":"Victor-Hugo-Esq.-Gral-Paz-Preview-NO-definitivo_page-0002-1024x724.jpg","width":1024,"height":724,"mime-type":"image\/jpeg","filesize":76879,"url":"https:\/\/loiaconopropiedades.com.ar\/wp-content\/uploads\/2025\/03\/Victor-Hugo-Esq.-Gral-Paz-Preview-NO-definitivo_page-0002-1024x724.jpg"},"thumbnail":{"file":"Victor-Hugo-Esq.-Gral-Paz-Preview-NO-definitivo_page-0002-150x150.jpg","width":150,"height":150,"mime-type":"image\/jpeg","filesize":12735,"url":"https:\/\/loiaconopropiedades.com.ar\/wp-content\/uploads\/2025\/03\/Victor-Hugo-Esq.-Gral-Paz-Preview-NO-definitivo_page-0002-150x150.jpg"},"medium_large":{"file":"Victor-Hugo-Esq.-Gral-Paz-Preview-NO-definitivo_page-0002-768x543.jpg","width":768,"height":543,"mime-type":"image\/jpeg","filesize":50704,"url":"https:\/\/loiaconopropiedades.com.ar\/wp-content\/uploads\/2025\/03\/Victor-Hugo-Esq.-Gral-Paz-Preview-NO-definitivo_page-0002-768x543.jpg"},"1536x1536":{"file":"Victor-Hugo-Esq.-Gral-Paz-Preview-NO-definitivo_page-0002-1536x1086.jpg","width":1536,"height":1086,"mime-type":"image\/jpeg","filesize":132852,"url":"https:\/\/loiaconopropiedades.com.ar\/wp-content\/uploads\/2025\/03\/Victor-Hugo-Esq.-Gral-Paz-Preview-NO-definitivo_page-0002-1536x1086.jpg"},"2048x2048":{"file":"Victor-Hugo-Esq.-Gral-Paz-Preview-NO-definitivo_page-0002-2048x1448.jpg","width":2048,"height":1448,"mime-type":"image\/jpeg","filesize":199972,"url":"https:\/\/loiaconopropiedades.com.ar\/wp-content\/uploads\/2025\/03\/Victor-Hugo-Esq.-Gral-Paz-Preview-NO-definitivo_page-0002-2048x1448.jpg"},"post-thumbnail":{"file":"Victor-Hugo-Esq.-Gral-Paz-Preview-NO-definitivo_page-0002-150x106.jpg","width":150,"height":106,"mime-type":"image\/jpeg","filesize":11576,"url":"https:\/\/loiaconopropiedades.com.ar\/wp-content\/uploads\/2025\/03\/Victor-Hugo-Esq.-Gral-Paz-Preview-NO-definitivo_page-0002-150x106.jpg"},"modern-property-child-slider":{"file":"Victor-Hugo-Esq.-Gral-Paz-Preview-NO-definitivo_page-0002-680x510.jpg","width":680,"height":510,"mime-type":"image\/jpeg","filesize":45715,"url":"https:\/\/loiaconopropiedades.com.ar\/wp-content\/uploads\/2025\/03\/Victor-Hugo-Esq.-Gral-Paz-Preview-NO-definitivo_page-0002-680x510.jpg"},"property-thumb-image":{"file":"Victor-Hugo-Esq.-Gral-Paz-Preview-NO-definitivo_page-0002-488x326.jpg","width":488,"height":326,"mime-type":"image\/jpeg","filesize":27889,"url":"https:\/\/loiaconopropiedades.com.ar\/wp-content\/uploads\/2025\/03\/Victor-Hugo-Esq.-Gral-Paz-Preview-NO-definitivo_page-0002-488x326.jpg"},"property-detail-video-image":{"file":"Victor-Hugo-Esq.-Gral-Paz-Preview-NO-definitivo_page-0002-818x417.jpg","width":818,"height":417,"mime-type":"image\/jpeg","filesize":45196,"url":"https:\/\/loiaconopropiedades.com.ar\/wp-content\/uploads\/2025\/03\/Victor-Hugo-Esq.-Gral-Paz-Preview-NO-definitivo_page-0002-818x417.jpg"},"agent-image":{"file":"Victor-Hugo-Esq.-Gral-Paz-Preview-NO-definitivo_page-0002-210x210.jpg","width":210,"height":210,"mime-type":"image\/jpeg","filesize":16058,"url":"https:\/\/loiaconopropiedades.com.ar\/wp-content\/uploads\/2025\/03\/Victor-Hugo-Esq.-Gral-Paz-Preview-NO-definitivo_page-0002-210x210.jpg"},"partners-logo":{"file":"Victor-Hugo-Esq.-Gral-Paz-Preview-NO-definitivo_page-0002-600x3875.jpg","width":600,"height":3875,"mime-type":"image\/jpeg","filesize":127616,"url":"https:\/\/loiaconopropiedades.com.ar\/wp-content\/uploads\/2025\/03\/Victor-Hugo-Esq.-Gral-Paz-Preview-NO-definitivo_page-0002-600x3875.jpg"},"gallery-two-column-image":{"file":"Victor-Hugo-Esq.-Gral-Paz-Preview-NO-definitivo_page-0002-536x269.jpg","width":536,"height":269,"mime-type":"image\/jpeg","filesize":26571,"url":"https:\/\/loiaconopropiedades.com.ar\/wp-content\/uploads\/2025\/03\/Victor-Hugo-Esq.-Gral-Paz-Preview-NO-definitivo_page-0002-536x269.jpg"},"property-detail-slider-image-two":{"file":"Victor-Hugo-Esq.-Gral-Paz-Preview-NO-definitivo_page-0002-1170x648.jpg","width":1170,"height":648,"mime-type":"image\/jpeg","filesize":75959,"url":"https:\/\/loiaconopropiedades.com.ar\/wp-content\/uploads\/2025\/03\/Victor-Hugo-Esq.-Gral-Paz-Preview-NO-definitivo_page-0002-1170x648.jpg"},"property-detail-slider-thumb":{"file":"Victor-Hugo-Esq.-Gral-Paz-Preview-NO-definitivo_page-0002-82x60.jpg","width":82,"height":60,"mime-type":"image\/jpeg","filesize":9664,"url":"https:\/\/loiaconopropiedades.com.ar\/wp-content\/uploads\/2025\/03\/Victor-Hugo-Esq.-Gral-Paz-Preview-NO-definitivo_page-0002-82x60.jpg"}},"image_meta":{"aperture":"0","credit":"","camera":"","caption":"","created_timestamp":"0","copyright":"","focal_length":"0","iso":"0","shutter_speed":"0","title":"","orientation":"1","keywords":[]},"original_image":"Victor-Hugo-Esq.-Gral-Paz-Preview-NO-definitivo_page-0002.jpg","ID":"16952","name":"Victor-Hugo-Esq.-Gral-Paz-Preview-NO-definitivo_page-0002-scaled.jpg","path":"\/home\/u353068321\/domains\/loiaconopropiedades.com.ar\/public_html\/wp-content\/uploads\/2025\/03\/Victor-Hugo-Esq.-Gral-Paz-Preview-NO-definitivo_page-0002-scaled.jpg","url":"https:\/\/loiaconopropiedades.com.ar\/wp-content\/uploads\/2025\/03\/Victor-Hugo-Esq.-Gral-Paz-Preview-NO-definitivo_page-0002-150x150.jpg","full_url":"https:\/\/loiaconopropiedades.com.ar\/wp-content\/uploads\/2025\/03\/Victor-Hugo-Esq.-Gral-Paz-Preview-NO-definitivo_page-0002-scaled.jpg","title":"Victor Hugo Esq. Gral Paz - Preview - NO definitivo_page-0002","caption":"","description":"","alt":"","srcset":"https:\/\/loiaconopropiedades.com.ar\/wp-content\/uploads\/2025\/03\/Victor-Hugo-Esq.-Gral-Paz-Preview-NO-definitivo_page-0002-150x150.jpg 150w, https:\/\/loiaconopropiedades.com.ar\/wp-content\/uploads\/2025\/03\/Victor-Hugo-Esq.-Gral-Paz-Preview-NO-definitivo_page-0002-210x210.jpg 210w"},{"width":150,"height":150,"file":"2025\/03\/Victor-Hugo-Esq.-Gral-Paz-Preview-NO-definitivo_page-0003-scaled.jpg","filesize":391107,"sizes":{"medium":{"file":"Victor-Hugo-Esq.-Gral-Paz-Preview-NO-definitivo_page-0003-300x212.jpg","width":300,"height":212,"mime-type":"image\/jpeg","filesize":21454,"url":"https:\/\/loiaconopropiedades.com.ar\/wp-content\/uploads\/2025\/03\/Victor-Hugo-Esq.-Gral-Paz-Preview-NO-definitivo_page-0003-300x212.jpg"},"large":{"file":"Victor-Hugo-Esq.-Gral-Paz-Preview-NO-definitivo_page-0003-1024x724.jpg","width":1024,"height":724,"mime-type":"image\/jpeg","filesize":103202,"url":"https:\/\/loiaconopropiedades.com.ar\/wp-content\/uploads\/2025\/03\/Victor-Hugo-Esq.-Gral-Paz-Preview-NO-definitivo_page-0003-1024x724.jpg"},"thumbnail":{"file":"Victor-Hugo-Esq.-Gral-Paz-Preview-NO-definitivo_page-0003-150x150.jpg","width":150,"height":150,"mime-type":"image\/jpeg","filesize":14988,"url":"https:\/\/loiaconopropiedades.com.ar\/wp-content\/uploads\/2025\/03\/Victor-Hugo-Esq.-Gral-Paz-Preview-NO-definitivo_page-0003-150x150.jpg"},"medium_large":{"file":"Victor-Hugo-Esq.-Gral-Paz-Preview-NO-definitivo_page-0003-768x543.jpg","width":768,"height":543,"mime-type":"image\/jpeg","filesize":67592,"url":"https:\/\/loiaconopropiedades.com.ar\/wp-content\/uploads\/2025\/03\/Victor-Hugo-Esq.-Gral-Paz-Preview-NO-definitivo_page-0003-768x543.jpg"},"1536x1536":{"file":"Victor-Hugo-Esq.-Gral-Paz-Preview-NO-definitivo_page-0003-1536x1086.jpg","width":1536,"height":1086,"mime-type":"image\/jpeg","filesize":184630,"url":"https:\/\/loiaconopropiedades.com.ar\/wp-content\/uploads\/2025\/03\/Victor-Hugo-Esq.-Gral-Paz-Preview-NO-definitivo_page-0003-1536x1086.jpg"},"2048x2048":{"file":"Victor-Hugo-Esq.-Gral-Paz-Preview-NO-definitivo_page-0003-2048x1448.jpg","width":2048,"height":1448,"mime-type":"image\/jpeg","filesize":282258,"url":"https:\/\/loiaconopropiedades.com.ar\/wp-content\/uploads\/2025\/03\/Victor-Hugo-Esq.-Gral-Paz-Preview-NO-definitivo_page-0003-2048x1448.jpg"},"post-thumbnail":{"file":"Victor-Hugo-Esq.-Gral-Paz-Preview-NO-definitivo_page-0003-150x106.jpg","width":150,"height":106,"mime-type":"image\/jpeg","filesize":13159,"url":"https:\/\/loiaconopropiedades.com.ar\/wp-content\/uploads\/2025\/03\/Victor-Hugo-Esq.-Gral-Paz-Preview-NO-definitivo_page-0003-150x106.jpg"},"modern-property-child-slider":{"file":"Victor-Hugo-Esq.-Gral-Paz-Preview-NO-definitivo_page-0003-680x510.jpg","width":680,"height":510,"mime-type":"image\/jpeg","filesize":61244,"url":"https:\/\/loiaconopropiedades.com.ar\/wp-content\/uploads\/2025\/03\/Victor-Hugo-Esq.-Gral-Paz-Preview-NO-definitivo_page-0003-680x510.jpg"},"property-thumb-image":{"file":"Victor-Hugo-Esq.-Gral-Paz-Preview-NO-definitivo_page-0003-488x326.jpg","width":488,"height":326,"mime-type":"image\/jpeg","filesize":36084,"url":"https:\/\/loiaconopropiedades.com.ar\/wp-content\/uploads\/2025\/03\/Victor-Hugo-Esq.-Gral-Paz-Preview-NO-definitivo_page-0003-488x326.jpg"},"property-detail-video-image":{"file":"Victor-Hugo-Esq.-Gral-Paz-Preview-NO-definitivo_page-0003-818x417.jpg","width":818,"height":417,"mime-type":"image\/jpeg","filesize":63792,"url":"https:\/\/loiaconopropiedades.com.ar\/wp-content\/uploads\/2025\/03\/Victor-Hugo-Esq.-Gral-Paz-Preview-NO-definitivo_page-0003-818x417.jpg"},"agent-image":{"file":"Victor-Hugo-Esq.-Gral-Paz-Preview-NO-definitivo_page-0003-210x210.jpg","width":210,"height":210,"mime-type":"image\/jpeg","filesize":19253,"url":"https:\/\/loiaconopropiedades.com.ar\/wp-content\/uploads\/2025\/03\/Victor-Hugo-Esq.-Gral-Paz-Preview-NO-definitivo_page-0003-210x210.jpg"},"partners-logo":{"file":"Victor-Hugo-Esq.-Gral-Paz-Preview-NO-definitivo_page-0003-600x3875.jpg","width":600,"height":3875,"mime-type":"image\/jpeg","filesize":181958,"url":"https:\/\/loiaconopropiedades.com.ar\/wp-content\/uploads\/2025\/03\/Victor-Hugo-Esq.-Gral-Paz-Preview-NO-definitivo_page-0003-600x3875.jpg"},"gallery-two-column-image":{"file":"Victor-Hugo-Esq.-Gral-Paz-Preview-NO-definitivo_page-0003-536x269.jpg","width":536,"height":269,"mime-type":"image\/jpeg","filesize":35841,"url":"https:\/\/loiaconopropiedades.com.ar\/wp-content\/uploads\/2025\/03\/Victor-Hugo-Esq.-Gral-Paz-Preview-NO-definitivo_page-0003-536x269.jpg"},"property-detail-slider-image-two":{"file":"Victor-Hugo-Esq.-Gral-Paz-Preview-NO-definitivo_page-0003-1170x648.jpg","width":1170,"height":648,"mime-type":"image\/jpeg","filesize":110274,"url":"https:\/\/loiaconopropiedades.com.ar\/wp-content\/uploads\/2025\/03\/Victor-Hugo-Esq.-Gral-Paz-Preview-NO-definitivo_page-0003-1170x648.jpg"},"property-detail-slider-thumb":{"file":"Victor-Hugo-Esq.-Gral-Paz-Preview-NO-definitivo_page-0003-82x60.jpg","width":82,"height":60,"mime-type":"image\/jpeg","filesize":10741,"url":"https:\/\/loiaconopropiedades.com.ar\/wp-content\/uploads\/2025\/03\/Victor-Hugo-Esq.-Gral-Paz-Preview-NO-definitivo_page-0003-82x60.jpg"}},"image_meta":{"aperture":"0","credit":"","camera":"","caption":"","created_timestamp":"0","copyright":"","focal_length":"0","iso":"0","shutter_speed":"0","title":"","orientation":"1","keywords":[]},"original_image":"Victor-Hugo-Esq.-Gral-Paz-Preview-NO-definitivo_page-0003.jpg","ID":"16951","name":"Victor-Hugo-Esq.-Gral-Paz-Preview-NO-definitivo_page-0003-scaled.jpg","path":"\/home\/u353068321\/domains\/loiaconopropiedades.com.ar\/public_html\/wp-content\/uploads\/2025\/03\/Victor-Hugo-Esq.-Gral-Paz-Preview-NO-definitivo_page-0003-scaled.jpg","url":"https:\/\/loiaconopropiedades.com.ar\/wp-content\/uploads\/2025\/03\/Victor-Hugo-Esq.-Gral-Paz-Preview-NO-definitivo_page-0003-150x150.jpg","full_url":"https:\/\/loiaconopropiedades.com.ar\/wp-content\/uploads\/2025\/03\/Victor-Hugo-Esq.-Gral-Paz-Preview-NO-definitivo_page-0003-scaled.jpg","title":"Victor Hugo Esq. Gral Paz - Preview - NO definitivo_page-0003","caption":"","description":"","alt":"","srcset":"https:\/\/loiaconopropiedades.com.ar\/wp-content\/uploads\/2025\/03\/Victor-Hugo-Esq.-Gral-Paz-Preview-NO-definitivo_page-0003-150x150.jpg 150w, https:\/\/loiaconopropiedades.com.ar\/wp-content\/uploads\/2025\/03\/Victor-Hugo-Esq.-Gral-Paz-Preview-NO-definitivo_page-0003-210x210.jpg 210w"},{"width":150,"height":150,"file":"2025\/03\/Victor-Hugo-Esq.-Gral-Paz-Preview-NO-definitivo_page-0004-scaled.jpg","filesize":364614,"sizes":{"medium":{"file":"Victor-Hugo-Esq.-Gral-Paz-Preview-NO-definitivo_page-0004-300x212.jpg","width":300,"height":212,"mime-type":"image\/jpeg","filesize":19907,"url":"https:\/\/loiaconopropiedades.com.ar\/wp-content\/uploads\/2025\/03\/Victor-Hugo-Esq.-Gral-Paz-Preview-NO-definitivo_page-0004-300x212.jpg"},"large":{"file":"Victor-Hugo-Esq.-Gral-Paz-Preview-NO-definitivo_page-0004-1024x724.jpg","width":1024,"height":724,"mime-type":"image\/jpeg","filesize":94810,"url":"https:\/\/loiaconopropiedades.com.ar\/wp-content\/uploads\/2025\/03\/Victor-Hugo-Esq.-Gral-Paz-Preview-NO-definitivo_page-0004-1024x724.jpg"},"thumbnail":{"file":"Victor-Hugo-Esq.-Gral-Paz-Preview-NO-definitivo_page-0004-150x150.jpg","width":150,"height":150,"mime-type":"image\/jpeg","filesize":14196,"url":"https:\/\/loiaconopropiedades.com.ar\/wp-content\/uploads\/2025\/03\/Victor-Hugo-Esq.-Gral-Paz-Preview-NO-definitivo_page-0004-150x150.jpg"},"medium_large":{"file":"Victor-Hugo-Esq.-Gral-Paz-Preview-NO-definitivo_page-0004-768x543.jpg","width":768,"height":543,"mime-type":"image\/jpeg","filesize":61528,"url":"https:\/\/loiaconopropiedades.com.ar\/wp-content\/uploads\/2025\/03\/Victor-Hugo-Esq.-Gral-Paz-Preview-NO-definitivo_page-0004-768x543.jpg"},"1536x1536":{"file":"Victor-Hugo-Esq.-Gral-Paz-Preview-NO-definitivo_page-0004-1536x1086.jpg","width":1536,"height":1086,"mime-type":"image\/jpeg","filesize":169834,"url":"https:\/\/loiaconopropiedades.com.ar\/wp-content\/uploads\/2025\/03\/Victor-Hugo-Esq.-Gral-Paz-Preview-NO-definitivo_page-0004-1536x1086.jpg"},"2048x2048":{"file":"Victor-Hugo-Esq.-Gral-Paz-Preview-NO-definitivo_page-0004-2048x1448.jpg","width":2048,"height":1448,"mime-type":"image\/jpeg","filesize":263180,"url":"https:\/\/loiaconopropiedades.com.ar\/wp-content\/uploads\/2025\/03\/Victor-Hugo-Esq.-Gral-Paz-Preview-NO-definitivo_page-0004-2048x1448.jpg"},"post-thumbnail":{"file":"Victor-Hugo-Esq.-Gral-Paz-Preview-NO-definitivo_page-0004-150x106.jpg","width":150,"height":106,"mime-type":"image\/jpeg","filesize":12445,"url":"https:\/\/loiaconopropiedades.com.ar\/wp-content\/uploads\/2025\/03\/Victor-Hugo-Esq.-Gral-Paz-Preview-NO-definitivo_page-0004-150x106.jpg"},"modern-property-child-slider":{"file":"Victor-Hugo-Esq.-Gral-Paz-Preview-NO-definitivo_page-0004-680x510.jpg","width":680,"height":510,"mime-type":"image\/jpeg","filesize":56004,"url":"https:\/\/loiaconopropiedades.com.ar\/wp-content\/uploads\/2025\/03\/Victor-Hugo-Esq.-Gral-Paz-Preview-NO-definitivo_page-0004-680x510.jpg"},"property-thumb-image":{"file":"Victor-Hugo-Esq.-Gral-Paz-Preview-NO-definitivo_page-0004-488x326.jpg","width":488,"height":326,"mime-type":"image\/jpeg","filesize":33112,"url":"https:\/\/loiaconopropiedades.com.ar\/wp-content\/uploads\/2025\/03\/Victor-Hugo-Esq.-Gral-Paz-Preview-NO-definitivo_page-0004-488x326.jpg"},"property-detail-video-image":{"file":"Victor-Hugo-Esq.-Gral-Paz-Preview-NO-definitivo_page-0004-818x417.jpg","width":818,"height":417,"mime-type":"image\/jpeg","filesize":57927,"url":"https:\/\/loiaconopropiedades.com.ar\/wp-content\/uploads\/2025\/03\/Victor-Hugo-Esq.-Gral-Paz-Preview-NO-definitivo_page-0004-818x417.jpg"},"agent-image":{"file":"Victor-Hugo-Esq.-Gral-Paz-Preview-NO-definitivo_page-0004-210x210.jpg","width":210,"height":210,"mime-type":"image\/jpeg","filesize":18404,"url":"https:\/\/loiaconopropiedades.com.ar\/wp-content\/uploads\/2025\/03\/Victor-Hugo-Esq.-Gral-Paz-Preview-NO-definitivo_page-0004-210x210.jpg"},"partners-logo":{"file":"Victor-Hugo-Esq.-Gral-Paz-Preview-NO-definitivo_page-0004-600x3875.jpg","width":600,"height":3875,"mime-type":"image\/jpeg","filesize":171571,"url":"https:\/\/loiaconopropiedades.com.ar\/wp-content\/uploads\/2025\/03\/Victor-Hugo-Esq.-Gral-Paz-Preview-NO-definitivo_page-0004-600x3875.jpg"},"gallery-two-column-image":{"file":"Victor-Hugo-Esq.-Gral-Paz-Preview-NO-definitivo_page-0004-536x269.jpg","width":536,"height":269,"mime-type":"image\/jpeg","filesize":32329,"url":"https:\/\/loiaconopropiedades.com.ar\/wp-content\/uploads\/2025\/03\/Victor-Hugo-Esq.-Gral-Paz-Preview-NO-definitivo_page-0004-536x269.jpg"},"property-detail-slider-image-two":{"file":"Victor-Hugo-Esq.-Gral-Paz-Preview-NO-definitivo_page-0004-1170x648.jpg","width":1170,"height":648,"mime-type":"image\/jpeg","filesize":100852,"url":"https:\/\/loiaconopropiedades.com.ar\/wp-content\/uploads\/2025\/03\/Victor-Hugo-Esq.-Gral-Paz-Preview-NO-definitivo_page-0004-1170x648.jpg"},"property-detail-slider-thumb":{"file":"Victor-Hugo-Esq.-Gral-Paz-Preview-NO-definitivo_page-0004-82x60.jpg","width":82,"height":60,"mime-type":"image\/jpeg","filesize":10280,"url":"https:\/\/loiaconopropiedades.com.ar\/wp-content\/uploads\/2025\/03\/Victor-Hugo-Esq.-Gral-Paz-Preview-NO-definitivo_page-0004-82x60.jpg"}},"image_meta":{"aperture":"0","credit":"","camera":"","caption":"","created_timestamp":"0","copyright":"","focal_length":"0","iso":"0","shutter_speed":"0","title":"","orientation":"1","keywords":[]},"original_image":"Victor-Hugo-Esq.-Gral-Paz-Preview-NO-definitivo_page-0004.jpg","ID":"16950","name":"Victor-Hugo-Esq.-Gral-Paz-Preview-NO-definitivo_page-0004-scaled.jpg","path":"\/home\/u353068321\/domains\/loiaconopropiedades.com.ar\/public_html\/wp-content\/uploads\/2025\/03\/Victor-Hugo-Esq.-Gral-Paz-Preview-NO-definitivo_page-0004-scaled.jpg","url":"https:\/\/loiaconopropiedades.com.ar\/wp-content\/uploads\/2025\/03\/Victor-Hugo-Esq.-Gral-Paz-Preview-NO-definitivo_page-0004-150x150.jpg","full_url":"https:\/\/loiaconopropiedades.com.ar\/wp-content\/uploads\/2025\/03\/Victor-Hugo-Esq.-Gral-Paz-Preview-NO-definitivo_page-0004-scaled.jpg","title":"Victor Hugo Esq. Gral Paz - Preview - NO definitivo_page-0004","caption":"","description":"","alt":"","srcset":"https:\/\/loiaconopropiedades.com.ar\/wp-content\/uploads\/2025\/03\/Victor-Hugo-Esq.-Gral-Paz-Preview-NO-definitivo_page-0004-150x150.jpg 150w, https:\/\/loiaconopropiedades.com.ar\/wp-content\/uploads\/2025\/03\/Victor-Hugo-Esq.-Gral-Paz-Preview-NO-definitivo_page-0004-210x210.jpg 210w"},{"width":150,"height":150,"file":"2025\/03\/Victor-Hugo-Esq.-Gral-Paz-Preview-NO-definitivo_page-0005-scaled.jpg","filesize":355990,"sizes":{"medium":{"file":"Victor-Hugo-Esq.-Gral-Paz-Preview-NO-definitivo_page-0005-300x212.jpg","width":300,"height":212,"mime-type":"image\/jpeg","filesize":19888,"url":"https:\/\/loiaconopropiedades.com.ar\/wp-content\/uploads\/2025\/03\/Victor-Hugo-Esq.-Gral-Paz-Preview-NO-definitivo_page-0005-300x212.jpg"},"large":{"file":"Victor-Hugo-Esq.-Gral-Paz-Preview-NO-definitivo_page-0005-1024x724.jpg","width":1024,"height":724,"mime-type":"image\/jpeg","filesize":97186,"url":"https:\/\/loiaconopropiedades.com.ar\/wp-content\/uploads\/2025\/03\/Victor-Hugo-Esq.-Gral-Paz-Preview-NO-definitivo_page-0005-1024x724.jpg"},"thumbnail":{"file":"Victor-Hugo-Esq.-Gral-Paz-Preview-NO-definitivo_page-0005-150x150.jpg","width":150,"height":150,"mime-type":"image\/jpeg","filesize":13952,"url":"https:\/\/loiaconopropiedades.com.ar\/wp-content\/uploads\/2025\/03\/Victor-Hugo-Esq.-Gral-Paz-Preview-NO-definitivo_page-0005-150x150.jpg"},"medium_large":{"file":"Victor-Hugo-Esq.-Gral-Paz-Preview-NO-definitivo_page-0005-768x543.jpg","width":768,"height":543,"mime-type":"image\/jpeg","filesize":64025,"url":"https:\/\/loiaconopropiedades.com.ar\/wp-content\/uploads\/2025\/03\/Victor-Hugo-Esq.-Gral-Paz-Preview-NO-definitivo_page-0005-768x543.jpg"},"1536x1536":{"file":"Victor-Hugo-Esq.-Gral-Paz-Preview-NO-definitivo_page-0005-1536x1086.jpg","width":1536,"height":1086,"mime-type":"image\/jpeg","filesize":171256,"url":"https:\/\/loiaconopropiedades.com.ar\/wp-content\/uploads\/2025\/03\/Victor-Hugo-Esq.-Gral-Paz-Preview-NO-definitivo_page-0005-1536x1086.jpg"},"2048x2048":{"file":"Victor-Hugo-Esq.-Gral-Paz-Preview-NO-definitivo_page-0005-2048x1448.jpg","width":2048,"height":1448,"mime-type":"image\/jpeg","filesize":263095,"url":"https:\/\/loiaconopropiedades.com.ar\/wp-content\/uploads\/2025\/03\/Victor-Hugo-Esq.-Gral-Paz-Preview-NO-definitivo_page-0005-2048x1448.jpg"},"post-thumbnail":{"file":"Victor-Hugo-Esq.-Gral-Paz-Preview-NO-definitivo_page-0005-150x106.jpg","width":150,"height":106,"mime-type":"image\/jpeg","filesize":12338,"url":"https:\/\/loiaconopropiedades.com.ar\/wp-content\/uploads\/2025\/03\/Victor-Hugo-Esq.-Gral-Paz-Preview-NO-definitivo_page-0005-150x106.jpg"},"modern-property-child-slider":{"file":"Victor-Hugo-Esq.-Gral-Paz-Preview-NO-definitivo_page-0005-680x510.jpg","width":680,"height":510,"mime-type":"image\/jpeg","filesize":57450,"url":"https:\/\/loiaconopropiedades.com.ar\/wp-content\/uploads\/2025\/03\/Victor-Hugo-Esq.-Gral-Paz-Preview-NO-definitivo_page-0005-680x510.jpg"},"property-thumb-image":{"file":"Victor-Hugo-Esq.-Gral-Paz-Preview-NO-definitivo_page-0005-488x326.jpg","width":488,"height":326,"mime-type":"image\/jpeg","filesize":34023,"url":"https:\/\/loiaconopropiedades.com.ar\/wp-content\/uploads\/2025\/03\/Victor-Hugo-Esq.-Gral-Paz-Preview-NO-definitivo_page-0005-488x326.jpg"},"property-detail-video-image":{"file":"Victor-Hugo-Esq.-Gral-Paz-Preview-NO-definitivo_page-0005-818x417.jpg","width":818,"height":417,"mime-type":"image\/jpeg","filesize":59506,"url":"https:\/\/loiaconopropiedades.com.ar\/wp-content\/uploads\/2025\/03\/Victor-Hugo-Esq.-Gral-Paz-Preview-NO-definitivo_page-0005-818x417.jpg"},"agent-image":{"file":"Victor-Hugo-Esq.-Gral-Paz-Preview-NO-definitivo_page-0005-210x210.jpg","width":210,"height":210,"mime-type":"image\/jpeg","filesize":17993,"url":"https:\/\/loiaconopropiedades.com.ar\/wp-content\/uploads\/2025\/03\/Victor-Hugo-Esq.-Gral-Paz-Preview-NO-definitivo_page-0005-210x210.jpg"},"partners-logo":{"file":"Victor-Hugo-Esq.-Gral-Paz-Preview-NO-definitivo_page-0005-600x3875.jpg","width":600,"height":3875,"mime-type":"image\/jpeg","filesize":173686,"url":"https:\/\/loiaconopropiedades.com.ar\/wp-content\/uploads\/2025\/03\/Victor-Hugo-Esq.-Gral-Paz-Preview-NO-definitivo_page-0005-600x3875.jpg"},"gallery-two-column-image":{"file":"Victor-Hugo-Esq.-Gral-Paz-Preview-NO-definitivo_page-0005-536x269.jpg","width":536,"height":269,"mime-type":"image\/jpeg","filesize":33573,"url":"https:\/\/loiaconopropiedades.com.ar\/wp-content\/uploads\/2025\/03\/Victor-Hugo-Esq.-Gral-Paz-Preview-NO-definitivo_page-0005-536x269.jpg"},"property-detail-slider-image-two":{"file":"Victor-Hugo-Esq.-Gral-Paz-Preview-NO-definitivo_page-0005-1170x648.jpg","width":1170,"height":648,"mime-type":"image\/jpeg","filesize":103913,"url":"https:\/\/loiaconopropiedades.com.ar\/wp-content\/uploads\/2025\/03\/Victor-Hugo-Esq.-Gral-Paz-Preview-NO-definitivo_page-0005-1170x648.jpg"},"property-detail-slider-thumb":{"file":"Victor-Hugo-Esq.-Gral-Paz-Preview-NO-definitivo_page-0005-82x60.jpg","width":82,"height":60,"mime-type":"image\/jpeg","filesize":10230,"url":"https:\/\/loiaconopropiedades.com.ar\/wp-content\/uploads\/2025\/03\/Victor-Hugo-Esq.-Gral-Paz-Preview-NO-definitivo_page-0005-82x60.jpg"}},"image_meta":{"aperture":"0","credit":"","camera":"","caption":"","created_timestamp":"0","copyright":"","focal_length":"0","iso":"0","shutter_speed":"0","title":"","orientation":"1","keywords":[]},"original_image":"Victor-Hugo-Esq.-Gral-Paz-Preview-NO-definitivo_page-0005.jpg","ID":"16949","name":"Victor-Hugo-Esq.-Gral-Paz-Preview-NO-definitivo_page-0005-scaled.jpg","path":"\/home\/u353068321\/domains\/loiaconopropiedades.com.ar\/public_html\/wp-content\/uploads\/2025\/03\/Victor-Hugo-Esq.-Gral-Paz-Preview-NO-definitivo_page-0005-scaled.jpg","url":"https:\/\/loiaconopropiedades.com.ar\/wp-content\/uploads\/2025\/03\/Victor-Hugo-Esq.-Gral-Paz-Preview-NO-definitivo_page-0005-150x150.jpg","full_url":"https:\/\/loiaconopropiedades.com.ar\/wp-content\/uploads\/2025\/03\/Victor-Hugo-Esq.-Gral-Paz-Preview-NO-definitivo_page-0005-scaled.jpg","title":"Victor Hugo Esq. Gral Paz - Preview - NO definitivo_page-0005","caption":"","description":"","alt":"","srcset":"https:\/\/loiaconopropiedades.com.ar\/wp-content\/uploads\/2025\/03\/Victor-Hugo-Esq.-Gral-Paz-Preview-NO-definitivo_page-0005-150x150.jpg 150w, https:\/\/loiaconopropiedades.com.ar\/wp-content\/uploads\/2025\/03\/Victor-Hugo-Esq.-Gral-Paz-Preview-NO-definitivo_page-0005-210x210.jpg 210w"},{"width":150,"height":150,"file":"2025\/03\/Victor-Hugo-Esq.-Gral-Paz-Preview-NO-definitivo_page-0006-scaled.jpg","filesize":209836,"sizes":{"medium":{"file":"Victor-Hugo-Esq.-Gral-Paz-Preview-NO-definitivo_page-0006-300x212.jpg","width":300,"height":212,"mime-type":"image\/jpeg","filesize":13978,"url":"https:\/\/loiaconopropiedades.com.ar\/wp-content\/uploads\/2025\/03\/Victor-Hugo-Esq.-Gral-Paz-Preview-NO-definitivo_page-0006-300x212.jpg"},"large":{"file":"Victor-Hugo-Esq.-Gral-Paz-Preview-NO-definitivo_page-0006-1024x724.jpg","width":1024,"height":724,"mime-type":"image\/jpeg","filesize":55491,"url":"https:\/\/loiaconopropiedades.com.ar\/wp-content\/uploads\/2025\/03\/Victor-Hugo-Esq.-Gral-Paz-Preview-NO-definitivo_page-0006-1024x724.jpg"},"thumbnail":{"file":"Victor-Hugo-Esq.-Gral-Paz-Preview-NO-definitivo_page-0006-150x150.jpg","width":150,"height":150,"mime-type":"image\/jpeg","filesize":10559,"url":"https:\/\/loiaconopropiedades.com.ar\/wp-content\/uploads\/2025\/03\/Victor-Hugo-Esq.-Gral-Paz-Preview-NO-definitivo_page-0006-150x150.jpg"},"medium_large":{"file":"Victor-Hugo-Esq.-Gral-Paz-Preview-NO-definitivo_page-0006-768x543.jpg","width":768,"height":543,"mime-type":"image\/jpeg","filesize":37439,"url":"https:\/\/loiaconopropiedades.com.ar\/wp-content\/uploads\/2025\/03\/Victor-Hugo-Esq.-Gral-Paz-Preview-NO-definitivo_page-0006-768x543.jpg"},"1536x1536":{"file":"Victor-Hugo-Esq.-Gral-Paz-Preview-NO-definitivo_page-0006-1536x1086.jpg","width":1536,"height":1086,"mime-type":"image\/jpeg","filesize":97895,"url":"https:\/\/loiaconopropiedades.com.ar\/wp-content\/uploads\/2025\/03\/Victor-Hugo-Esq.-Gral-Paz-Preview-NO-definitivo_page-0006-1536x1086.jpg"},"2048x2048":{"file":"Victor-Hugo-Esq.-Gral-Paz-Preview-NO-definitivo_page-0006-2048x1448.jpg","width":2048,"height":1448,"mime-type":"image\/jpeg","filesize":151622,"url":"https:\/\/loiaconopropiedades.com.ar\/wp-content\/uploads\/2025\/03\/Victor-Hugo-Esq.-Gral-Paz-Preview-NO-definitivo_page-0006-2048x1448.jpg"},"post-thumbnail":{"file":"Victor-Hugo-Esq.-Gral-Paz-Preview-NO-definitivo_page-0006-150x106.jpg","width":150,"height":106,"mime-type":"image\/jpeg","filesize":9753,"url":"https:\/\/loiaconopropiedades.com.ar\/wp-content\/uploads\/2025\/03\/Victor-Hugo-Esq.-Gral-Paz-Preview-NO-definitivo_page-0006-150x106.jpg"},"modern-property-child-slider":{"file":"Victor-Hugo-Esq.-Gral-Paz-Preview-NO-definitivo_page-0006-680x510.jpg","width":680,"height":510,"mime-type":"image\/jpeg","filesize":33558,"url":"https:\/\/loiaconopropiedades.com.ar\/wp-content\/uploads\/2025\/03\/Victor-Hugo-Esq.-Gral-Paz-Preview-NO-definitivo_page-0006-680x510.jpg"},"property-thumb-image":{"file":"Victor-Hugo-Esq.-Gral-Paz-Preview-NO-definitivo_page-0006-488x326.jpg","width":488,"height":326,"mime-type":"image\/jpeg","filesize":20765,"url":"https:\/\/loiaconopropiedades.com.ar\/wp-content\/uploads\/2025\/03\/Victor-Hugo-Esq.-Gral-Paz-Preview-NO-definitivo_page-0006-488x326.jpg"},"property-detail-video-image":{"file":"Victor-Hugo-Esq.-Gral-Paz-Preview-NO-definitivo_page-0006-818x417.jpg","width":818,"height":417,"mime-type":"image\/jpeg","filesize":28991,"url":"https:\/\/loiaconopropiedades.com.ar\/wp-content\/uploads\/2025\/03\/Victor-Hugo-Esq.-Gral-Paz-Preview-NO-definitivo_page-0006-818x417.jpg"},"agent-image":{"file":"Victor-Hugo-Esq.-Gral-Paz-Preview-NO-definitivo_page-0006-210x210.jpg","width":210,"height":210,"mime-type":"image\/jpeg","filesize":12820,"url":"https:\/\/loiaconopropiedades.com.ar\/wp-content\/uploads\/2025\/03\/Victor-Hugo-Esq.-Gral-Paz-Preview-NO-definitivo_page-0006-210x210.jpg"},"partners-logo":{"file":"Victor-Hugo-Esq.-Gral-Paz-Preview-NO-definitivo_page-0006-600x3875.jpg","width":600,"height":3875,"mime-type":"image\/jpeg","filesize":96591,"url":"https:\/\/loiaconopropiedades.com.ar\/wp-content\/uploads\/2025\/03\/Victor-Hugo-Esq.-Gral-Paz-Preview-NO-definitivo_page-0006-600x3875.jpg"},"gallery-two-column-image":{"file":"Victor-Hugo-Esq.-Gral-Paz-Preview-NO-definitivo_page-0006-536x269.jpg","width":536,"height":269,"mime-type":"image\/jpeg","filesize":18048,"url":"https:\/\/loiaconopropiedades.com.ar\/wp-content\/uploads\/2025\/03\/Victor-Hugo-Esq.-Gral-Paz-Preview-NO-definitivo_page-0006-536x269.jpg"},"property-detail-slider-image-two":{"file":"Victor-Hugo-Esq.-Gral-Paz-Preview-NO-definitivo_page-0006-1170x648.jpg","width":1170,"height":648,"mime-type":"image\/jpeg","filesize":52917,"url":"https:\/\/loiaconopropiedades.com.ar\/wp-content\/uploads\/2025\/03\/Victor-Hugo-Esq.-Gral-Paz-Preview-NO-definitivo_page-0006-1170x648.jpg"},"property-detail-slider-thumb":{"file":"Victor-Hugo-Esq.-Gral-Paz-Preview-NO-definitivo_page-0006-82x60.jpg","width":82,"height":60,"mime-type":"image\/jpeg","filesize":8401,"url":"https:\/\/loiaconopropiedades.com.ar\/wp-content\/uploads\/2025\/03\/Victor-Hugo-Esq.-Gral-Paz-Preview-NO-definitivo_page-0006-82x60.jpg"}},"image_meta":{"aperture":"0","credit":"","camera":"","caption":"","created_timestamp":"0","copyright":"","focal_length":"0","iso":"0","shutter_speed":"0","title":"","orientation":"1","keywords":[]},"original_image":"Victor-Hugo-Esq.-Gral-Paz-Preview-NO-definitivo_page-0006.jpg","ID":"16948","name":"Victor-Hugo-Esq.-Gral-Paz-Preview-NO-definitivo_page-0006-scaled.jpg","path":"\/home\/u353068321\/domains\/loiaconopropiedades.com.ar\/public_html\/wp-content\/uploads\/2025\/03\/Victor-Hugo-Esq.-Gral-Paz-Preview-NO-definitivo_page-0006-scaled.jpg","url":"https:\/\/loiaconopropiedades.com.ar\/wp-content\/uploads\/2025\/03\/Victor-Hugo-Esq.-Gral-Paz-Preview-NO-definitivo_page-0006-150x150.jpg","full_url":"https:\/\/loiaconopropiedades.com.ar\/wp-content\/uploads\/2025\/03\/Victor-Hugo-Esq.-Gral-Paz-Preview-NO-definitivo_page-0006-scaled.jpg","title":"Victor Hugo Esq. Gral Paz - Preview - NO definitivo_page-0006","caption":"","description":"","alt":"","srcset":"https:\/\/loiaconopropiedades.com.ar\/wp-content\/uploads\/2025\/03\/Victor-Hugo-Esq.-Gral-Paz-Preview-NO-definitivo_page-0006-150x150.jpg 150w, https:\/\/loiaconopropiedades.com.ar\/wp-content\/uploads\/2025\/03\/Victor-Hugo-Esq.-Gral-Paz-Preview-NO-definitivo_page-0006-210x210.jpg 210w"}],"REAL_HOMES_change_gallery_slider_type":"0","REAL_HOMES_gallery_slider_type":"thumb-on-right","inspiry_floor_plans":[],"inspiry_video_group":[],"REAL_HOMES_360_virtual_tour":"","REAL_HOMES_agent_display_option":"agent_info","REAL_HOMES_agents":["54"],"REAL_HOMES_energy_class":"none","REAL_HOMES_energy_performance":"","REAL_HOMES_epc_current_rating":"","REAL_HOMES_epc_potential_rating":"","ere_property_schedule_tour":"global","ere_property_schedule_time_slots":"","ere_property_schedule_description":"","REAL_HOMES_sticky":"0","inspiry_property_label":"","inspiry_property_label_color":"","inspiry_property_tax":"0","inspiry_additional_fee":"0","REAL_HOMES_attachments":[],"inspiry_property_owner_name":"","inspiry_property_owner_contact":"","inspiry_property_owner_address":"","REAL_HOMES_property_private_note":"","inspiry_message_to_reviewer":"","inspiry_global_property_template_override":"0","REAL_HOMES_add_in_slider":"no","REAL_HOMES_slider_image":[],"REAL_HOMES_page_banner_image":[],"inspiry_estado_del_inmueble":"","REAL_HOMES_custom_header_display":"default","REAL_HOMES_custom_header_position":"relative","REAL_HOMES_custom_footer_display":"default"},"post_mailing_queue_ids":[],"_links":{"self":[{"href":"https:\/\/loiaconopropiedades.com.ar\/index.php\/wp-json\/wp\/v2\/properties\/16936","targetHints":{"allow":["GET"]}}],"collection":[{"href":"https:\/\/loiaconopropiedades.com.ar\/index.php\/wp-json\/wp\/v2\/properties"}],"about":[{"href":"https:\/\/loiaconopropiedades.com.ar\/index.php\/wp-json\/wp\/v2\/types\/property"}],"author":[{"embeddable":true,"href":"https:\/\/loiaconopropiedades.com.ar\/index.php\/wp-json\/wp\/v2\/users\/1"}],"replies":[{"embeddable":true,"href":"https:\/\/loiaconopropiedades.com.ar\/index.php\/wp-json\/wp\/v2\/comments?post=16936"}],"version-history":[{"count":3,"href":"https:\/\/loiaconopropiedades.com.ar\/index.php\/wp-json\/wp\/v2\/properties\/16936\/revisions"}],"predecessor-version":[{"id":16942,"href":"https:\/\/loiaconopropiedades.com.ar\/index.php\/wp-json\/wp\/v2\/properties\/16936\/revisions\/16942"}],"wp:featuredmedia":[{"embeddable":true,"href":"https:\/\/loiaconopropiedades.com.ar\/index.php\/wp-json\/wp\/v2\/media\/16945"}],"wp:attachment":[{"href":"https:\/\/loiaconopropiedades.com.ar\/index.php\/wp-json\/wp\/v2\/media?parent=16936"}],"wp:term":[{"taxonomy":"property-feature","embeddable":true,"href":"https:\/\/loiaconopropiedades.com.ar\/index.php\/wp-json\/wp\/v2\/caracter\u00edsticas-propiedad?post=16936"},{"taxonomy":"property-type","embeddable":true,"href":"https:\/\/loiaconopropiedades.com.ar\/index.php\/wp-json\/wp\/v2\/tipos-propiedad?post=16936"},{"taxonomy":"property-city","embeddable":true,"href":"https:\/\/loiaconopropiedades.com.ar\/index.php\/wp-json\/wp\/v2\/ciudades-propiedad?post=16936"},{"taxonomy":"property-status","embeddable":true,"href":"https:\/\/loiaconopropiedades.com.ar\/index.php\/wp-json\/wp\/v2\/estatus-propiedad?post=16936"}],"curies":[{"name":"wp","href":"https:\/\/api.w.org\/{rel}","templated":true}]}}